{"id":297652,"date":"2026-02-23T11:57:36","date_gmt":"2026-02-23T10:57:36","guid":{"rendered":"https:\/\/eyecos.eu\/faqs\/"},"modified":"2026-04-27T16:31:11","modified_gmt":"2026-04-27T14:31:11","slug":"faqs","status":"publish","type":"page","link":"https:\/\/eyecos.eu\/fr\/faqs\/","title":{"rendered":"FAQs"},"content":{"rendered":"\t\t<div data-elementor-type=\"wp-page\" data-elementor-id=\"297652\" class=\"elementor elementor-297652 elementor-75\" data-elementor-post-type=\"page\">\n\t\t\t\t<div class=\"elementor-element elementor-element-c1f6d83 e-flex e-con-boxed e-con e-parent\" data-id=\"c1f6d83\" data-element_type=\"container\" data-e-type=\"container\">\n\t\t\t\t\t<div class=\"e-con-inner\">\n\t\t\t\t<div class=\"elementor-element elementor-element-8ecc2bc elementor-widget elementor-widget-heading\" data-id=\"8ecc2bc\" data-element_type=\"widget\" data-e-type=\"widget\" data-widget_type=\"heading.default\">\n\t\t\t\t\t<h1 class=\"elementor-heading-title elementor-size-default\">FAQs<\/h1>\t\t\t\t<\/div>\n\t\t\t\t\t<\/div>\n\t\t\t\t<\/div>\n\t\t\t\t<section class=\"elementor-section elementor-top-section elementor-element elementor-element-bc4e2d6 elementor-section-boxed elementor-section-height-default elementor-section-height-default\" data-id=\"bc4e2d6\" data-element_type=\"section\" data-e-type=\"section\">\n\t\t\t\t\t\t<div class=\"elementor-container elementor-column-gap-default\">\n\t\t\t\t\t<div class=\"elementor-column elementor-col-100 elementor-top-column elementor-element elementor-element-4b93cd1\" data-id=\"4b93cd1\" data-element_type=\"column\" data-e-type=\"column\" data-settings=\"{&quot;background_background&quot;:&quot;gradient&quot;}\">\n\t\t\t<div class=\"elementor-widget-wrap elementor-element-populated\">\n\t\t\t\t\t\t<div class=\"elementor-element elementor-element-49d0007 elementor-widget__width-initial elementor-widget elementor-widget-accordion\" data-id=\"49d0007\" data-element_type=\"widget\" data-e-type=\"widget\" data-widget_type=\"accordion.default\">\n\t\t\t\t\t\t\t<div class=\"elementor-accordion\">\n\t\t\t\t\t\t\t<div class=\"elementor-accordion-item\">\n\t\t\t\t\t<div id=\"elementor-tab-title-7731\" class=\"elementor-tab-title\" data-tab=\"1\" role=\"button\" aria-controls=\"elementor-tab-content-7731\" aria-expanded=\"false\">\n\t\t\t\t\t\t\t\t\t\t\t\t\t<span class=\"elementor-accordion-icon elementor-accordion-icon-right\" aria-hidden=\"true\">\n\t\t\t\t\t\t\t\t\t\t\t\t\t\t\t<span class=\"elementor-accordion-icon-closed\"><svg class=\"e-font-icon-svg e-fas-plus\" viewBox=\"0 0 448 512\" xmlns=\"http:\/\/www.w3.org\/2000\/svg\"><path d=\"M416 208H272V64c0-17.67-14.33-32-32-32h-32c-17.67 0-32 14.33-32 32v144H32c-17.67 0-32 14.33-32 32v32c0 17.67 14.33 32 32 32h144v144c0 17.67 14.33 32 32 32h32c17.67 0 32-14.33 32-32V304h144c17.67 0 32-14.33 32-32v-32c0-17.67-14.33-32-32-32z\"><\/path><\/svg><\/span>\n\t\t\t\t\t\t\t\t<span class=\"elementor-accordion-icon-opened\"><svg class=\"e-font-icon-svg e-fas-minus\" viewBox=\"0 0 448 512\" xmlns=\"http:\/\/www.w3.org\/2000\/svg\"><path d=\"M416 208H32c-17.67 0-32 14.33-32 32v32c0 17.67 14.33 32 32 32h384c17.67 0 32-14.33 32-32v-32c0-17.67-14.33-32-32-32z\"><\/path><\/svg><\/span>\n\t\t\t\t\t\t\t\t\t\t\t\t\t\t<\/span>\n\t\t\t\t\t\t\t\t\t\t\t\t<a class=\"elementor-accordion-title\" tabindex=\"0\">En quoi consiste la proc\u00e9dure ?<\/a>\n\t\t\t\t\t<\/div>\n\t\t\t\t\t<div id=\"elementor-tab-content-7731\" class=\"elementor-tab-content elementor-clearfix\" data-tab=\"1\" role=\"region\" aria-labelledby=\"elementor-tab-title-7731\"><p>La proc\u00e9dure propos\u00e9e \u00e0 la Cl\u00ednica Eyecos consiste \u00e0 \u00e9liminer d\u00e9finitivement la pigmentation brune ou jaune de l&rsquo;iris gr\u00e2ce \u00e0 un laser unique, disponible exclusivement \u00e0 Barcelone. Elle r\u00e9v\u00e8le ainsi la couleur naturelle que chacun avait dissimul\u00e9e (bleu clair, argent ou vert clair).<\/p><p>Chaque r\u00e9sultat \u00e9tant diff\u00e9rent, m\u00eame pour un m\u00eame degr\u00e9 de pigmentation, une \u00e9valuation pr\u00e9alable est indispensable. Cette \u00e9valuation est r\u00e9alis\u00e9e \u00e0 l&rsquo;aide de notre scanner d&rsquo;iris, seule technologie adapt\u00e9e.<\/p><p>Merci de votre confiance envers les sources officielles. Plus d&rsquo;informations sur www.eyecos.eu<\/p><\/div>\n\t\t\t\t<\/div>\n\t\t\t\t\t\t\t<div class=\"elementor-accordion-item\">\n\t\t\t\t\t<div id=\"elementor-tab-title-7732\" class=\"elementor-tab-title\" data-tab=\"2\" role=\"button\" aria-controls=\"elementor-tab-content-7732\" aria-expanded=\"false\">\n\t\t\t\t\t\t\t\t\t\t\t\t\t<span class=\"elementor-accordion-icon elementor-accordion-icon-right\" aria-hidden=\"true\">\n\t\t\t\t\t\t\t\t\t\t\t\t\t\t\t<span class=\"elementor-accordion-icon-closed\"><svg class=\"e-font-icon-svg e-fas-plus\" viewBox=\"0 0 448 512\" xmlns=\"http:\/\/www.w3.org\/2000\/svg\"><path d=\"M416 208H272V64c0-17.67-14.33-32-32-32h-32c-17.67 0-32 14.33-32 32v144H32c-17.67 0-32 14.33-32 32v32c0 17.67 14.33 32 32 32h144v144c0 17.67 14.33 32 32 32h32c17.67 0 32-14.33 32-32V304h144c17.67 0 32-14.33 32-32v-32c0-17.67-14.33-32-32-32z\"><\/path><\/svg><\/span>\n\t\t\t\t\t\t\t\t<span class=\"elementor-accordion-icon-opened\"><svg class=\"e-font-icon-svg e-fas-minus\" viewBox=\"0 0 448 512\" xmlns=\"http:\/\/www.w3.org\/2000\/svg\"><path d=\"M416 208H32c-17.67 0-32 14.33-32 32v32c0 17.67 14.33 32 32 32h384c17.67 0 32-14.33 32-32v-32c0-17.67-14.33-32-32-32z\"><\/path><\/svg><\/span>\n\t\t\t\t\t\t\t\t\t\t\t\t\t\t<\/span>\n\t\t\t\t\t\t\t\t\t\t\t\t<a class=\"elementor-accordion-title\" tabindex=\"0\">Depuis combien d'ann\u00e9es pratiquez-vous cette proc\u00e9dure ?<\/a>\n\t\t\t\t\t<\/div>\n\t\t\t\t\t<div id=\"elementor-tab-content-7732\" class=\"elementor-tab-content elementor-clearfix\" data-tab=\"2\" role=\"region\" aria-labelledby=\"elementor-tab-title-7732\"><p>Depuis plus de 14 ans.<\/p><\/div>\n\t\t\t\t<\/div>\n\t\t\t\t\t\t\t<div class=\"elementor-accordion-item\">\n\t\t\t\t\t<div id=\"elementor-tab-title-7733\" class=\"elementor-tab-title\" data-tab=\"3\" role=\"button\" aria-controls=\"elementor-tab-content-7733\" aria-expanded=\"false\">\n\t\t\t\t\t\t\t\t\t\t\t\t\t<span class=\"elementor-accordion-icon elementor-accordion-icon-right\" aria-hidden=\"true\">\n\t\t\t\t\t\t\t\t\t\t\t\t\t\t\t<span class=\"elementor-accordion-icon-closed\"><svg class=\"e-font-icon-svg e-fas-plus\" viewBox=\"0 0 448 512\" xmlns=\"http:\/\/www.w3.org\/2000\/svg\"><path d=\"M416 208H272V64c0-17.67-14.33-32-32-32h-32c-17.67 0-32 14.33-32 32v144H32c-17.67 0-32 14.33-32 32v32c0 17.67 14.33 32 32 32h144v144c0 17.67 14.33 32 32 32h32c17.67 0 32-14.33 32-32V304h144c17.67 0 32-14.33 32-32v-32c0-17.67-14.33-32-32-32z\"><\/path><\/svg><\/span>\n\t\t\t\t\t\t\t\t<span class=\"elementor-accordion-icon-opened\"><svg class=\"e-font-icon-svg e-fas-minus\" viewBox=\"0 0 448 512\" xmlns=\"http:\/\/www.w3.org\/2000\/svg\"><path d=\"M416 208H32c-17.67 0-32 14.33-32 32v32c0 17.67 14.33 32 32 32h384c17.67 0 32-14.33 32-32v-32c0-17.67-14.33-32-32-32z\"><\/path><\/svg><\/span>\n\t\t\t\t\t\t\t\t\t\t\t\t\t\t<\/span>\n\t\t\t\t\t\t\t\t\t\t\t\t<a class=\"elementor-accordion-title\" tabindex=\"0\">Combien de patients avez-vous trait\u00e9s ?<\/a>\n\t\t\t\t\t<\/div>\n\t\t\t\t\t<div id=\"elementor-tab-content-7733\" class=\"elementor-tab-content elementor-clearfix\" data-tab=\"3\" role=\"region\" aria-labelledby=\"elementor-tab-title-7733\">Plus de 10 000 patients avec d&rsquo;excellents r\u00e9sultats.<\/div>\n\t\t\t\t<\/div>\n\t\t\t\t\t\t\t<div class=\"elementor-accordion-item\">\n\t\t\t\t\t<div id=\"elementor-tab-title-7734\" class=\"elementor-tab-title\" data-tab=\"4\" role=\"button\" aria-controls=\"elementor-tab-content-7734\" aria-expanded=\"false\">\n\t\t\t\t\t\t\t\t\t\t\t\t\t<span class=\"elementor-accordion-icon elementor-accordion-icon-right\" aria-hidden=\"true\">\n\t\t\t\t\t\t\t\t\t\t\t\t\t\t\t<span class=\"elementor-accordion-icon-closed\"><svg class=\"e-font-icon-svg e-fas-plus\" viewBox=\"0 0 448 512\" xmlns=\"http:\/\/www.w3.org\/2000\/svg\"><path d=\"M416 208H272V64c0-17.67-14.33-32-32-32h-32c-17.67 0-32 14.33-32 32v144H32c-17.67 0-32 14.33-32 32v32c0 17.67 14.33 32 32 32h144v144c0 17.67 14.33 32 32 32h32c17.67 0 32-14.33 32-32V304h144c17.67 0 32-14.33 32-32v-32c0-17.67-14.33-32-32-32z\"><\/path><\/svg><\/span>\n\t\t\t\t\t\t\t\t<span class=\"elementor-accordion-icon-opened\"><svg class=\"e-font-icon-svg e-fas-minus\" viewBox=\"0 0 448 512\" xmlns=\"http:\/\/www.w3.org\/2000\/svg\"><path d=\"M416 208H32c-17.67 0-32 14.33-32 32v32c0 17.67 14.33 32 32 32h384c17.67 0 32-14.33 32-32v-32c0-17.67-14.33-32-32-32z\"><\/path><\/svg><\/span>\n\t\t\t\t\t\t\t\t\t\t\t\t\t\t<\/span>\n\t\t\t\t\t\t\t\t\t\t\t\t<a class=\"elementor-accordion-title\" tabindex=\"0\">L'intervention est-elle douloureuse ?<\/a>\n\t\t\t\t\t<\/div>\n\t\t\t\t\t<div id=\"elementor-tab-content-7734\" class=\"elementor-tab-content elementor-clearfix\" data-tab=\"4\" role=\"region\" aria-labelledby=\"elementor-tab-title-7734\">Rassurez-vous, la proc\u00e9dure de changement de couleur des yeux est non invasive et tr\u00e8s rapide (1 \u00e0 2 minutes). Elle est r\u00e9alis\u00e9e au laser et est donc indolore.<\/div>\n\t\t\t\t<\/div>\n\t\t\t\t\t\t\t<div class=\"elementor-accordion-item\">\n\t\t\t\t\t<div id=\"elementor-tab-title-7735\" class=\"elementor-tab-title\" data-tab=\"5\" role=\"button\" aria-controls=\"elementor-tab-content-7735\" aria-expanded=\"false\">\n\t\t\t\t\t\t\t\t\t\t\t\t\t<span class=\"elementor-accordion-icon elementor-accordion-icon-right\" aria-hidden=\"true\">\n\t\t\t\t\t\t\t\t\t\t\t\t\t\t\t<span class=\"elementor-accordion-icon-closed\"><svg class=\"e-font-icon-svg e-fas-plus\" viewBox=\"0 0 448 512\" xmlns=\"http:\/\/www.w3.org\/2000\/svg\"><path d=\"M416 208H272V64c0-17.67-14.33-32-32-32h-32c-17.67 0-32 14.33-32 32v144H32c-17.67 0-32 14.33-32 32v32c0 17.67 14.33 32 32 32h144v144c0 17.67 14.33 32 32 32h32c17.67 0 32-14.33 32-32V304h144c17.67 0 32-14.33 32-32v-32c0-17.67-14.33-32-32-32z\"><\/path><\/svg><\/span>\n\t\t\t\t\t\t\t\t<span class=\"elementor-accordion-icon-opened\"><svg class=\"e-font-icon-svg e-fas-minus\" viewBox=\"0 0 448 512\" xmlns=\"http:\/\/www.w3.org\/2000\/svg\"><path d=\"M416 208H32c-17.67 0-32 14.33-32 32v32c0 17.67 14.33 32 32 32h384c17.67 0 32-14.33 32-32v-32c0-17.67-14.33-32-32-32z\"><\/path><\/svg><\/span>\n\t\t\t\t\t\t\t\t\t\t\t\t\t\t<\/span>\n\t\t\t\t\t\t\t\t\t\t\t\t<a class=\"elementor-accordion-title\" tabindex=\"0\">Est-il possible de d\u00e9pigmenter les yeux fonc\u00e9s\u00a0?<\/a>\n\t\t\t\t\t<\/div>\n\t\t\t\t\t<div id=\"elementor-tab-content-7735\" class=\"elementor-tab-content elementor-clearfix\" data-tab=\"5\" role=\"region\" aria-labelledby=\"elementor-tab-title-7735\">Oui, la technique laser Neweyes est la seule au monde \u00e0 donner de bons r\u00e9sultats, capable de modifier ou d&rsquo;\u00e9claircir la couleur des yeux fonc\u00e9s, en fonction de la densit\u00e9 et de la duret\u00e9 de la pigmentation.<\/div>\n\t\t\t\t<\/div>\n\t\t\t\t\t\t\t<div class=\"elementor-accordion-item\">\n\t\t\t\t\t<div id=\"elementor-tab-title-7736\" class=\"elementor-tab-title\" data-tab=\"6\" role=\"button\" aria-controls=\"elementor-tab-content-7736\" aria-expanded=\"false\">\n\t\t\t\t\t\t\t\t\t\t\t\t\t<span class=\"elementor-accordion-icon elementor-accordion-icon-right\" aria-hidden=\"true\">\n\t\t\t\t\t\t\t\t\t\t\t\t\t\t\t<span class=\"elementor-accordion-icon-closed\"><svg class=\"e-font-icon-svg e-fas-plus\" viewBox=\"0 0 448 512\" xmlns=\"http:\/\/www.w3.org\/2000\/svg\"><path d=\"M416 208H272V64c0-17.67-14.33-32-32-32h-32c-17.67 0-32 14.33-32 32v144H32c-17.67 0-32 14.33-32 32v32c0 17.67 14.33 32 32 32h144v144c0 17.67 14.33 32 32 32h32c17.67 0 32-14.33 32-32V304h144c17.67 0 32-14.33 32-32v-32c0-17.67-14.33-32-32-32z\"><\/path><\/svg><\/span>\n\t\t\t\t\t\t\t\t<span class=\"elementor-accordion-icon-opened\"><svg class=\"e-font-icon-svg e-fas-minus\" viewBox=\"0 0 448 512\" xmlns=\"http:\/\/www.w3.org\/2000\/svg\"><path d=\"M416 208H32c-17.67 0-32 14.33-32 32v32c0 17.67 14.33 32 32 32h384c17.67 0 32-14.33 32-32v-32c0-17.67-14.33-32-32-32z\"><\/path><\/svg><\/span>\n\t\t\t\t\t\t\t\t\t\t\t\t\t\t<\/span>\n\t\t\t\t\t\t\t\t\t\t\t\t<a class=\"elementor-accordion-title\" tabindex=\"0\">Ce traitement est-il sans danger pour tout le monde ?<\/a>\n\t\t\t\t\t<\/div>\n\t\t\t\t\t<div id=\"elementor-tab-content-7736\" class=\"elementor-tab-content elementor-clearfix\" data-tab=\"6\" role=\"region\" aria-labelledby=\"elementor-tab-title-7736\"><p>Ce traitement est parfaitement s\u00fbr pour toute personne ne souffrant d&rsquo;aucune maladie oculaire, comme le glaucome, le k\u00e9ratoc\u00f4ne, la cataracte, la d\u00e9g\u00e9n\u00e9rescence r\u00e9tinienne ou l&rsquo;uv\u00e9ite, ainsi que pour les personnes diab\u00e9tiques ou pr\u00e9sentant une affection coronarienne ou respiratoire. Il est \u00e9galement contre-indiqu\u00e9 en cas d&rsquo;ant\u00e9c\u00e9dents familiaux de glaucome.<\/p><p>En revanche, les personnes myopes, astigmates, hyperm\u00e9tropes ou presbytes peuvent b\u00e9n\u00e9ficier de cette intervention, de m\u00eame que celles ayant d\u00e9j\u00e0 subi une chirurgie r\u00e9fractive.<\/p><\/div>\n\t\t\t\t<\/div>\n\t\t\t\t\t\t\t<div class=\"elementor-accordion-item\">\n\t\t\t\t\t<div id=\"elementor-tab-title-7737\" class=\"elementor-tab-title\" data-tab=\"7\" role=\"button\" aria-controls=\"elementor-tab-content-7737\" aria-expanded=\"false\">\n\t\t\t\t\t\t\t\t\t\t\t\t\t<span class=\"elementor-accordion-icon elementor-accordion-icon-right\" aria-hidden=\"true\">\n\t\t\t\t\t\t\t\t\t\t\t\t\t\t\t<span class=\"elementor-accordion-icon-closed\"><svg class=\"e-font-icon-svg e-fas-plus\" viewBox=\"0 0 448 512\" xmlns=\"http:\/\/www.w3.org\/2000\/svg\"><path d=\"M416 208H272V64c0-17.67-14.33-32-32-32h-32c-17.67 0-32 14.33-32 32v144H32c-17.67 0-32 14.33-32 32v32c0 17.67 14.33 32 32 32h144v144c0 17.67 14.33 32 32 32h32c17.67 0 32-14.33 32-32V304h144c17.67 0 32-14.33 32-32v-32c0-17.67-14.33-32-32-32z\"><\/path><\/svg><\/span>\n\t\t\t\t\t\t\t\t<span class=\"elementor-accordion-icon-opened\"><svg class=\"e-font-icon-svg e-fas-minus\" viewBox=\"0 0 448 512\" xmlns=\"http:\/\/www.w3.org\/2000\/svg\"><path d=\"M416 208H32c-17.67 0-32 14.33-32 32v32c0 17.67 14.33 32 32 32h384c17.67 0 32-14.33 32-32v-32c0-17.67-14.33-32-32-32z\"><\/path><\/svg><\/span>\n\t\t\t\t\t\t\t\t\t\t\t\t\t\t<\/span>\n\t\t\t\t\t\t\t\t\t\t\t\t<a class=\"elementor-accordion-title\" tabindex=\"0\">La vision nocturne sera-t-elle modifi\u00e9e ?<\/a>\n\t\t\t\t\t<\/div>\n\t\t\t\t\t<div id=\"elementor-tab-content-7737\" class=\"elementor-tab-content elementor-clearfix\" data-tab=\"7\" role=\"region\" aria-labelledby=\"elementor-tab-title-7737\">Aucun effet ni alt\u00e9ration de la vision nocturne n&rsquo;est constat\u00e9.<\/div>\n\t\t\t\t<\/div>\n\t\t\t\t\t\t\t<div class=\"elementor-accordion-item\">\n\t\t\t\t\t<div id=\"elementor-tab-title-7738\" class=\"elementor-tab-title\" data-tab=\"8\" role=\"button\" aria-controls=\"elementor-tab-content-7738\" aria-expanded=\"false\">\n\t\t\t\t\t\t\t\t\t\t\t\t\t<span class=\"elementor-accordion-icon elementor-accordion-icon-right\" aria-hidden=\"true\">\n\t\t\t\t\t\t\t\t\t\t\t\t\t\t\t<span class=\"elementor-accordion-icon-closed\"><svg class=\"e-font-icon-svg e-fas-plus\" viewBox=\"0 0 448 512\" xmlns=\"http:\/\/www.w3.org\/2000\/svg\"><path d=\"M416 208H272V64c0-17.67-14.33-32-32-32h-32c-17.67 0-32 14.33-32 32v144H32c-17.67 0-32 14.33-32 32v32c0 17.67 14.33 32 32 32h144v144c0 17.67 14.33 32 32 32h32c17.67 0 32-14.33 32-32V304h144c17.67 0 32-14.33 32-32v-32c0-17.67-14.33-32-32-32z\"><\/path><\/svg><\/span>\n\t\t\t\t\t\t\t\t<span class=\"elementor-accordion-icon-opened\"><svg class=\"e-font-icon-svg e-fas-minus\" viewBox=\"0 0 448 512\" xmlns=\"http:\/\/www.w3.org\/2000\/svg\"><path d=\"M416 208H32c-17.67 0-32 14.33-32 32v32c0 17.67 14.33 32 32 32h384c17.67 0 32-14.33 32-32v-32c0-17.67-14.33-32-32-32z\"><\/path><\/svg><\/span>\n\t\t\t\t\t\t\t\t\t\t\t\t\t\t<\/span>\n\t\t\t\t\t\t\t\t\t\t\t\t<a class=\"elementor-accordion-title\" tabindex=\"0\"> Pourquoi la couleur ne recouvre-t-elle pas l'iris jusqu'au centre de l'\u0153il ?<\/a>\n\t\t\t\t\t<\/div>\n\t\t\t\t\t<div id=\"elementor-tab-content-7738\" class=\"elementor-tab-content elementor-clearfix\" data-tab=\"8\" role=\"region\" aria-labelledby=\"elementor-tab-title-7738\">Pour des raisons de s\u00e9curit\u00e9 et de pr\u00e9vention, un fin anneau central est laiss\u00e9 autour de la pupille.<\/div>\n\t\t\t\t<\/div>\n\t\t\t\t\t\t\t<div class=\"elementor-accordion-item\">\n\t\t\t\t\t<div id=\"elementor-tab-title-7739\" class=\"elementor-tab-title\" data-tab=\"9\" role=\"button\" aria-controls=\"elementor-tab-content-7739\" aria-expanded=\"false\">\n\t\t\t\t\t\t\t\t\t\t\t\t\t<span class=\"elementor-accordion-icon elementor-accordion-icon-right\" aria-hidden=\"true\">\n\t\t\t\t\t\t\t\t\t\t\t\t\t\t\t<span class=\"elementor-accordion-icon-closed\"><svg class=\"e-font-icon-svg e-fas-plus\" viewBox=\"0 0 448 512\" xmlns=\"http:\/\/www.w3.org\/2000\/svg\"><path d=\"M416 208H272V64c0-17.67-14.33-32-32-32h-32c-17.67 0-32 14.33-32 32v144H32c-17.67 0-32 14.33-32 32v32c0 17.67 14.33 32 32 32h144v144c0 17.67 14.33 32 32 32h32c17.67 0 32-14.33 32-32V304h144c17.67 0 32-14.33 32-32v-32c0-17.67-14.33-32-32-32z\"><\/path><\/svg><\/span>\n\t\t\t\t\t\t\t\t<span class=\"elementor-accordion-icon-opened\"><svg class=\"e-font-icon-svg e-fas-minus\" viewBox=\"0 0 448 512\" xmlns=\"http:\/\/www.w3.org\/2000\/svg\"><path d=\"M416 208H32c-17.67 0-32 14.33-32 32v32c0 17.67 14.33 32 32 32h384c17.67 0 32-14.33 32-32v-32c0-17.67-14.33-32-32-32z\"><\/path><\/svg><\/span>\n\t\t\t\t\t\t\t\t\t\t\t\t\t\t<\/span>\n\t\t\t\t\t\t\t\t\t\t\t\t<a class=\"elementor-accordion-title\" tabindex=\"0\">Qu'est-ce que l'anneau limbique ?<\/a>\n\t\t\t\t\t<\/div>\n\t\t\t\t\t<div id=\"elementor-tab-content-7739\" class=\"elementor-tab-content elementor-clearfix\" data-tab=\"9\" role=\"region\" aria-labelledby=\"elementor-tab-title-7739\">L&rsquo;anneau limbique est un anneau qui se forme autour de l&rsquo;iris, entre la corn\u00e9e et la scl\u00e8re. Cet anneau est plus fonc\u00e9 que le reste de l&rsquo;iris et peut \u00eatre naturel ou cr\u00e9\u00e9 au laser.<\/div>\n\t\t\t\t<\/div>\n\t\t\t\t\t\t\t<div class=\"elementor-accordion-item\">\n\t\t\t\t\t<div id=\"elementor-tab-title-77310\" class=\"elementor-tab-title\" data-tab=\"10\" role=\"button\" aria-controls=\"elementor-tab-content-77310\" aria-expanded=\"false\">\n\t\t\t\t\t\t\t\t\t\t\t\t\t<span class=\"elementor-accordion-icon elementor-accordion-icon-right\" aria-hidden=\"true\">\n\t\t\t\t\t\t\t\t\t\t\t\t\t\t\t<span class=\"elementor-accordion-icon-closed\"><svg class=\"e-font-icon-svg e-fas-plus\" viewBox=\"0 0 448 512\" xmlns=\"http:\/\/www.w3.org\/2000\/svg\"><path d=\"M416 208H272V64c0-17.67-14.33-32-32-32h-32c-17.67 0-32 14.33-32 32v144H32c-17.67 0-32 14.33-32 32v32c0 17.67 14.33 32 32 32h144v144c0 17.67 14.33 32 32 32h32c17.67 0 32-14.33 32-32V304h144c17.67 0 32-14.33 32-32v-32c0-17.67-14.33-32-32-32z\"><\/path><\/svg><\/span>\n\t\t\t\t\t\t\t\t<span class=\"elementor-accordion-icon-opened\"><svg class=\"e-font-icon-svg e-fas-minus\" viewBox=\"0 0 448 512\" xmlns=\"http:\/\/www.w3.org\/2000\/svg\"><path d=\"M416 208H32c-17.67 0-32 14.33-32 32v32c0 17.67 14.33 32 32 32h384c17.67 0 32-14.33 32-32v-32c0-17.67-14.33-32-32-32z\"><\/path><\/svg><\/span>\n\t\t\t\t\t\t\t\t\t\t\t\t\t\t<\/span>\n\t\t\t\t\t\t\t\t\t\t\t\t<a class=\"elementor-accordion-title\" tabindex=\"0\">O\u00f9 va la m\u00e9lanine \u00e9limin\u00e9e par le laser\u00a0?<\/a>\n\t\t\t\t\t<\/div>\n\t\t\t\t\t<div id=\"elementor-tab-content-77310\" class=\"elementor-tab-content elementor-clearfix\" data-tab=\"10\" role=\"region\" aria-labelledby=\"elementor-tab-title-77310\"><p>L&rsquo;\u00e9limination de la pigmentation se fait par trois voies\u00a0:<\/p><ul><li>Lib\u00e9ration des particules \u00e0 travers le trab\u00e9culum.<\/li><li>D\u00e9p\u00f4ts inf\u00e9rieurs qui seront ensuite phagocyt\u00e9s.<\/li><li>\u00c9limination des r\u00e9sidus pigmentaires de l&rsquo;iris par les macrophages.<\/li><\/ul><\/div>\n\t\t\t\t<\/div>\n\t\t\t\t\t\t\t<div class=\"elementor-accordion-item\">\n\t\t\t\t\t<div id=\"elementor-tab-title-77311\" class=\"elementor-tab-title\" data-tab=\"11\" role=\"button\" aria-controls=\"elementor-tab-content-77311\" aria-expanded=\"false\">\n\t\t\t\t\t\t\t\t\t\t\t\t\t<span class=\"elementor-accordion-icon elementor-accordion-icon-right\" aria-hidden=\"true\">\n\t\t\t\t\t\t\t\t\t\t\t\t\t\t\t<span class=\"elementor-accordion-icon-closed\"><svg class=\"e-font-icon-svg e-fas-plus\" viewBox=\"0 0 448 512\" xmlns=\"http:\/\/www.w3.org\/2000\/svg\"><path d=\"M416 208H272V64c0-17.67-14.33-32-32-32h-32c-17.67 0-32 14.33-32 32v144H32c-17.67 0-32 14.33-32 32v32c0 17.67 14.33 32 32 32h144v144c0 17.67 14.33 32 32 32h32c17.67 0 32-14.33 32-32V304h144c17.67 0 32-14.33 32-32v-32c0-17.67-14.33-32-32-32z\"><\/path><\/svg><\/span>\n\t\t\t\t\t\t\t\t<span class=\"elementor-accordion-icon-opened\"><svg class=\"e-font-icon-svg e-fas-minus\" viewBox=\"0 0 448 512\" xmlns=\"http:\/\/www.w3.org\/2000\/svg\"><path d=\"M416 208H32c-17.67 0-32 14.33-32 32v32c0 17.67 14.33 32 32 32h384c17.67 0 32-14.33 32-32v-32c0-17.67-14.33-32-32-32z\"><\/path><\/svg><\/span>\n\t\t\t\t\t\t\t\t\t\t\t\t\t\t<\/span>\n\t\t\t\t\t\t\t\t\t\t\t\t<a class=\"elementor-accordion-title\" tabindex=\"0\">Pourrai-je voir imm\u00e9diatement apr\u00e8s l'intervention ?<\/a>\n\t\t\t\t\t<\/div>\n\t\t\t\t\t<div id=\"elementor-tab-content-77311\" class=\"elementor-tab-content elementor-clearfix\" data-tab=\"11\" role=\"region\" aria-labelledby=\"elementor-tab-title-77311\">La vision peut \u00eatre l\u00e9g\u00e8rement floue pendant seulement 1 \u00e0 2 heures.<\/div>\n\t\t\t\t<\/div>\n\t\t\t\t\t\t\t<div class=\"elementor-accordion-item\">\n\t\t\t\t\t<div id=\"elementor-tab-title-77312\" class=\"elementor-tab-title\" data-tab=\"12\" role=\"button\" aria-controls=\"elementor-tab-content-77312\" aria-expanded=\"false\">\n\t\t\t\t\t\t\t\t\t\t\t\t\t<span class=\"elementor-accordion-icon elementor-accordion-icon-right\" aria-hidden=\"true\">\n\t\t\t\t\t\t\t\t\t\t\t\t\t\t\t<span class=\"elementor-accordion-icon-closed\"><svg class=\"e-font-icon-svg e-fas-plus\" viewBox=\"0 0 448 512\" xmlns=\"http:\/\/www.w3.org\/2000\/svg\"><path d=\"M416 208H272V64c0-17.67-14.33-32-32-32h-32c-17.67 0-32 14.33-32 32v144H32c-17.67 0-32 14.33-32 32v32c0 17.67 14.33 32 32 32h144v144c0 17.67 14.33 32 32 32h32c17.67 0 32-14.33 32-32V304h144c17.67 0 32-14.33 32-32v-32c0-17.67-14.33-32-32-32z\"><\/path><\/svg><\/span>\n\t\t\t\t\t\t\t\t<span class=\"elementor-accordion-icon-opened\"><svg class=\"e-font-icon-svg e-fas-minus\" viewBox=\"0 0 448 512\" xmlns=\"http:\/\/www.w3.org\/2000\/svg\"><path d=\"M416 208H32c-17.67 0-32 14.33-32 32v32c0 17.67 14.33 32 32 32h384c17.67 0 32-14.33 32-32v-32c0-17.67-14.33-32-32-32z\"><\/path><\/svg><\/span>\n\t\t\t\t\t\t\t\t\t\t\t\t\t\t<\/span>\n\t\t\t\t\t\t\t\t\t\t\t\t<a class=\"elementor-accordion-title\" tabindex=\"0\">Est-il possible d'op\u00e9rer un seul \u0153il ou d'appliquer une couleur diff\u00e9rente \u00e0 chaque \u0153il ?<\/a>\n\t\t\t\t\t<\/div>\n\t\t\t\t\t<div id=\"elementor-tab-content-77312\" class=\"elementor-tab-content elementor-clearfix\" data-tab=\"12\" role=\"region\" aria-labelledby=\"elementor-tab-title-77312\">Oui, il est possible de r\u00e9aliser l&rsquo;intervention de changement de couleur des yeux sur un seul iris et m\u00eame de ne traiter qu&rsquo;une partie sp\u00e9cifique, selon les pr\u00e9f\u00e9rences du patient.<\/div>\n\t\t\t\t<\/div>\n\t\t\t\t\t\t\t<div class=\"elementor-accordion-item\">\n\t\t\t\t\t<div id=\"elementor-tab-title-77313\" class=\"elementor-tab-title\" data-tab=\"13\" role=\"button\" aria-controls=\"elementor-tab-content-77313\" aria-expanded=\"false\">\n\t\t\t\t\t\t\t\t\t\t\t\t\t<span class=\"elementor-accordion-icon elementor-accordion-icon-right\" aria-hidden=\"true\">\n\t\t\t\t\t\t\t\t\t\t\t\t\t\t\t<span class=\"elementor-accordion-icon-closed\"><svg class=\"e-font-icon-svg e-fas-plus\" viewBox=\"0 0 448 512\" xmlns=\"http:\/\/www.w3.org\/2000\/svg\"><path d=\"M416 208H272V64c0-17.67-14.33-32-32-32h-32c-17.67 0-32 14.33-32 32v144H32c-17.67 0-32 14.33-32 32v32c0 17.67 14.33 32 32 32h144v144c0 17.67 14.33 32 32 32h32c17.67 0 32-14.33 32-32V304h144c17.67 0 32-14.33 32-32v-32c0-17.67-14.33-32-32-32z\"><\/path><\/svg><\/span>\n\t\t\t\t\t\t\t\t<span class=\"elementor-accordion-icon-opened\"><svg class=\"e-font-icon-svg e-fas-minus\" viewBox=\"0 0 448 512\" xmlns=\"http:\/\/www.w3.org\/2000\/svg\"><path d=\"M416 208H32c-17.67 0-32 14.33-32 32v32c0 17.67 14.33 32 32 32h384c17.67 0 32-14.33 32-32v-32c0-17.67-14.33-32-32-32z\"><\/path><\/svg><\/span>\n\t\t\t\t\t\t\t\t\t\t\t\t\t\t<\/span>\n\t\t\t\t\t\t\t\t\t\t\t\t<a class=\"elementor-accordion-title\" tabindex=\"0\">Peut-on intensifier la couleur ?<\/a>\n\t\t\t\t\t<\/div>\n\t\t\t\t\t<div id=\"elementor-tab-content-77313\" class=\"elementor-tab-content elementor-clearfix\" data-tab=\"13\" role=\"region\" aria-labelledby=\"elementor-tab-title-77313\">Le laser \u00e9limine la m\u00e9lanine ant\u00e9rieure et peut \u00e9claircir l&rsquo;\u0153il, mais il ne peut pas en intensifier la couleur. La luminosit\u00e9 et l&rsquo;intensit\u00e9 de la couleur d\u00e9pendent de la densit\u00e9 du collag\u00e8ne et de votre patrimoine g\u00e9n\u00e9tique.<\/div>\n\t\t\t\t<\/div>\n\t\t\t\t\t\t\t<div class=\"elementor-accordion-item\">\n\t\t\t\t\t<div id=\"elementor-tab-title-77314\" class=\"elementor-tab-title\" data-tab=\"14\" role=\"button\" aria-controls=\"elementor-tab-content-77314\" aria-expanded=\"false\">\n\t\t\t\t\t\t\t\t\t\t\t\t\t<span class=\"elementor-accordion-icon elementor-accordion-icon-right\" aria-hidden=\"true\">\n\t\t\t\t\t\t\t\t\t\t\t\t\t\t\t<span class=\"elementor-accordion-icon-closed\"><svg class=\"e-font-icon-svg e-fas-plus\" viewBox=\"0 0 448 512\" xmlns=\"http:\/\/www.w3.org\/2000\/svg\"><path d=\"M416 208H272V64c0-17.67-14.33-32-32-32h-32c-17.67 0-32 14.33-32 32v144H32c-17.67 0-32 14.33-32 32v32c0 17.67 14.33 32 32 32h144v144c0 17.67 14.33 32 32 32h32c17.67 0 32-14.33 32-32V304h144c17.67 0 32-14.33 32-32v-32c0-17.67-14.33-32-32-32z\"><\/path><\/svg><\/span>\n\t\t\t\t\t\t\t\t<span class=\"elementor-accordion-icon-opened\"><svg class=\"e-font-icon-svg e-fas-minus\" viewBox=\"0 0 448 512\" xmlns=\"http:\/\/www.w3.org\/2000\/svg\"><path d=\"M416 208H32c-17.67 0-32 14.33-32 32v32c0 17.67 14.33 32 32 32h384c17.67 0 32-14.33 32-32v-32c0-17.67-14.33-32-32-32z\"><\/path><\/svg><\/span>\n\t\t\t\t\t\t\t\t\t\t\t\t\t\t<\/span>\n\t\t\t\t\t\t\t\t\t\t\t\t<a class=\"elementor-accordion-title\" tabindex=\"0\">Un \u0153il ayant d\u00e9j\u00e0 subi un traitement de d\u00e9pigmentation au laser peut-il \u00eatre op\u00e9r\u00e9 une nouvelle fois\u00a0?<\/a>\n\t\t\t\t\t<\/div>\n\t\t\t\t\t<div id=\"elementor-tab-content-77314\" class=\"elementor-tab-content elementor-clearfix\" data-tab=\"14\" role=\"region\" aria-labelledby=\"elementor-tab-title-77314\">Oui, il est possible d&rsquo;op\u00e9rer un patient ayant d\u00e9j\u00e0 \u00e9t\u00e9 trait\u00e9 dans d&rsquo;autres cliniques. Nous accueillons de nombreux patients venant d&rsquo;autres cliniques pour des corrections. Cependant, il est pr\u00e9f\u00e9rable de commencer le traitement chez EyeCos Barcelona, \u200b\u200bcar le laser y est moins agressif et les r\u00e9sultats sont beaucoup plus esth\u00e9tiques et naturels.<\/div>\n\t\t\t\t<\/div>\n\t\t\t\t\t\t\t<div class=\"elementor-accordion-item\">\n\t\t\t\t\t<div id=\"elementor-tab-title-77315\" class=\"elementor-tab-title\" data-tab=\"15\" role=\"button\" aria-controls=\"elementor-tab-content-77315\" aria-expanded=\"false\">\n\t\t\t\t\t\t\t\t\t\t\t\t\t<span class=\"elementor-accordion-icon elementor-accordion-icon-right\" aria-hidden=\"true\">\n\t\t\t\t\t\t\t\t\t\t\t\t\t\t\t<span class=\"elementor-accordion-icon-closed\"><svg class=\"e-font-icon-svg e-fas-plus\" viewBox=\"0 0 448 512\" xmlns=\"http:\/\/www.w3.org\/2000\/svg\"><path d=\"M416 208H272V64c0-17.67-14.33-32-32-32h-32c-17.67 0-32 14.33-32 32v144H32c-17.67 0-32 14.33-32 32v32c0 17.67 14.33 32 32 32h144v144c0 17.67 14.33 32 32 32h32c17.67 0 32-14.33 32-32V304h144c17.67 0 32-14.33 32-32v-32c0-17.67-14.33-32-32-32z\"><\/path><\/svg><\/span>\n\t\t\t\t\t\t\t\t<span class=\"elementor-accordion-icon-opened\"><svg class=\"e-font-icon-svg e-fas-minus\" viewBox=\"0 0 448 512\" xmlns=\"http:\/\/www.w3.org\/2000\/svg\"><path d=\"M416 208H32c-17.67 0-32 14.33-32 32v32c0 17.67 14.33 32 32 32h384c17.67 0 32-14.33 32-32v-32c0-17.67-14.33-32-32-32z\"><\/path><\/svg><\/span>\n\t\t\t\t\t\t\t\t\t\t\t\t\t\t<\/span>\n\t\t\t\t\t\t\t\t\t\t\t\t<a class=\"elementor-accordion-title\" tabindex=\"0\">Can you lead a normal life after the procedure?<\/a>\n\t\t\t\t\t<\/div>\n\t\t\t\t\t<div id=\"elementor-tab-content-77315\" class=\"elementor-tab-content elementor-clearfix\" data-tab=\"15\" role=\"region\" aria-labelledby=\"elementor-tab-title-77315\">\nPeut-on mener une vie normale apr\u00e8s l&rsquo;intervention ?<\/div>\n\t\t\t\t<\/div>\n\t\t\t\t\t\t\t<div class=\"elementor-accordion-item\">\n\t\t\t\t\t<div id=\"elementor-tab-title-77316\" class=\"elementor-tab-title\" data-tab=\"16\" role=\"button\" aria-controls=\"elementor-tab-content-77316\" aria-expanded=\"false\">\n\t\t\t\t\t\t\t\t\t\t\t\t\t<span class=\"elementor-accordion-icon elementor-accordion-icon-right\" aria-hidden=\"true\">\n\t\t\t\t\t\t\t\t\t\t\t\t\t\t\t<span class=\"elementor-accordion-icon-closed\"><svg class=\"e-font-icon-svg e-fas-plus\" viewBox=\"0 0 448 512\" xmlns=\"http:\/\/www.w3.org\/2000\/svg\"><path d=\"M416 208H272V64c0-17.67-14.33-32-32-32h-32c-17.67 0-32 14.33-32 32v144H32c-17.67 0-32 14.33-32 32v32c0 17.67 14.33 32 32 32h144v144c0 17.67 14.33 32 32 32h32c17.67 0 32-14.33 32-32V304h144c17.67 0 32-14.33 32-32v-32c0-17.67-14.33-32-32-32z\"><\/path><\/svg><\/span>\n\t\t\t\t\t\t\t\t<span class=\"elementor-accordion-icon-opened\"><svg class=\"e-font-icon-svg e-fas-minus\" viewBox=\"0 0 448 512\" xmlns=\"http:\/\/www.w3.org\/2000\/svg\"><path d=\"M416 208H32c-17.67 0-32 14.33-32 32v32c0 17.67 14.33 32 32 32h384c17.67 0 32-14.33 32-32v-32c0-17.67-14.33-32-32-32z\"><\/path><\/svg><\/span>\n\t\t\t\t\t\t\t\t\t\t\t\t\t\t<\/span>\n\t\t\t\t\t\t\t\t\t\t\t\t<a class=\"elementor-accordion-title\" tabindex=\"0\">Can I take advantage of the procedure to have my myopia corrected?<\/a>\n\t\t\t\t\t<\/div>\n\t\t\t\t\t<div id=\"elementor-tab-content-77316\" class=\"elementor-tab-content elementor-clearfix\" data-tab=\"16\" role=\"region\" aria-labelledby=\"elementor-tab-title-77316\">Puis-je b\u00e9n\u00e9ficier de cette proc\u00e9dure pour faire corriger ma myopie ?<\/div>\n\t\t\t\t<\/div>\n\t\t\t\t\t\t\t<div class=\"elementor-accordion-item\">\n\t\t\t\t\t<div id=\"elementor-tab-title-77317\" class=\"elementor-tab-title\" data-tab=\"17\" role=\"button\" aria-controls=\"elementor-tab-content-77317\" aria-expanded=\"false\">\n\t\t\t\t\t\t\t\t\t\t\t\t\t<span class=\"elementor-accordion-icon elementor-accordion-icon-right\" aria-hidden=\"true\">\n\t\t\t\t\t\t\t\t\t\t\t\t\t\t\t<span class=\"elementor-accordion-icon-closed\"><svg class=\"e-font-icon-svg e-fas-plus\" viewBox=\"0 0 448 512\" xmlns=\"http:\/\/www.w3.org\/2000\/svg\"><path d=\"M416 208H272V64c0-17.67-14.33-32-32-32h-32c-17.67 0-32 14.33-32 32v144H32c-17.67 0-32 14.33-32 32v32c0 17.67 14.33 32 32 32h144v144c0 17.67 14.33 32 32 32h32c17.67 0 32-14.33 32-32V304h144c17.67 0 32-14.33 32-32v-32c0-17.67-14.33-32-32-32z\"><\/path><\/svg><\/span>\n\t\t\t\t\t\t\t\t<span class=\"elementor-accordion-icon-opened\"><svg class=\"e-font-icon-svg e-fas-minus\" viewBox=\"0 0 448 512\" xmlns=\"http:\/\/www.w3.org\/2000\/svg\"><path d=\"M416 208H32c-17.67 0-32 14.33-32 32v32c0 17.67 14.33 32 32 32h384c17.67 0 32-14.33 32-32v-32c0-17.67-14.33-32-32-32z\"><\/path><\/svg><\/span>\n\t\t\t\t\t\t\t\t\t\t\t\t\t\t<\/span>\n\t\t\t\t\t\t\t\t\t\t\t\t<a class=\"elementor-accordion-title\" tabindex=\"0\">\u00c0 partir de quel \u00e2ge peut-on subir cette intervention ?<\/a>\n\t\t\t\t\t<\/div>\n\t\t\t\t\t<div id=\"elementor-tab-content-77317\" class=\"elementor-tab-content elementor-clearfix\" data-tab=\"17\" role=\"region\" aria-labelledby=\"elementor-tab-title-77317\">18 ans.<\/div>\n\t\t\t\t<\/div>\n\t\t\t\t\t\t\t<div class=\"elementor-accordion-item\">\n\t\t\t\t\t<div id=\"elementor-tab-title-77318\" class=\"elementor-tab-title\" data-tab=\"18\" role=\"button\" aria-controls=\"elementor-tab-content-77318\" aria-expanded=\"false\">\n\t\t\t\t\t\t\t\t\t\t\t\t\t<span class=\"elementor-accordion-icon elementor-accordion-icon-right\" aria-hidden=\"true\">\n\t\t\t\t\t\t\t\t\t\t\t\t\t\t\t<span class=\"elementor-accordion-icon-closed\"><svg class=\"e-font-icon-svg e-fas-plus\" viewBox=\"0 0 448 512\" xmlns=\"http:\/\/www.w3.org\/2000\/svg\"><path d=\"M416 208H272V64c0-17.67-14.33-32-32-32h-32c-17.67 0-32 14.33-32 32v144H32c-17.67 0-32 14.33-32 32v32c0 17.67 14.33 32 32 32h144v144c0 17.67 14.33 32 32 32h32c17.67 0 32-14.33 32-32V304h144c17.67 0 32-14.33 32-32v-32c0-17.67-14.33-32-32-32z\"><\/path><\/svg><\/span>\n\t\t\t\t\t\t\t\t<span class=\"elementor-accordion-icon-opened\"><svg class=\"e-font-icon-svg e-fas-minus\" viewBox=\"0 0 448 512\" xmlns=\"http:\/\/www.w3.org\/2000\/svg\"><path d=\"M416 208H32c-17.67 0-32 14.33-32 32v32c0 17.67 14.33 32 32 32h384c17.67 0 32-14.33 32-32v-32c0-17.67-14.33-32-32-32z\"><\/path><\/svg><\/span>\n\t\t\t\t\t\t\t\t\t\t\t\t\t\t<\/span>\n\t\t\t\t\t\t\t\t\t\t\t\t<a class=\"elementor-accordion-title\" tabindex=\"0\">Combien y a-t-il de phases ?<\/a>\n\t\t\t\t\t<\/div>\n\t\t\t\t\t<div id=\"elementor-tab-content-77318\" class=\"elementor-tab-content elementor-clearfix\" data-tab=\"18\" role=\"region\" aria-labelledby=\"elementor-tab-title-77318\"><p>Le nombre de phases d\u00e9pend du degr\u00e9 de pigmentation de l&rsquo;\u0153il, mais peut varier d&rsquo;un cas \u00e0 l&rsquo;autre. \u00c0 titre indicatif\u00a0:<\/p><p>Grades 1, 2 et 3\u00a0: 3 phases<\/p><p>Grade 4\u00a0: 4 phases<\/p><p>Grade 5\u00a0: 5 phases<\/p><p>Chaque patient est \u00e9valu\u00e9 individuellement afin de d\u00e9terminer le plan de traitement le plus appropri\u00e9.<\/p><p>Chaque phase comprend deux s\u00e9ances r\u00e9alis\u00e9es sur deux jours cons\u00e9cutifs, \u00e0 l&rsquo;exception des phases \u00ab\u00a0Bright\u00a0\u00bb, qui se d\u00e9roulent en une seule s\u00e9ance.<\/p><\/div>\n\t\t\t\t<\/div>\n\t\t\t\t\t\t\t<div class=\"elementor-accordion-item\">\n\t\t\t\t\t<div id=\"elementor-tab-title-77319\" class=\"elementor-tab-title\" data-tab=\"19\" role=\"button\" aria-controls=\"elementor-tab-content-77319\" aria-expanded=\"false\">\n\t\t\t\t\t\t\t\t\t\t\t\t\t<span class=\"elementor-accordion-icon elementor-accordion-icon-right\" aria-hidden=\"true\">\n\t\t\t\t\t\t\t\t\t\t\t\t\t\t\t<span class=\"elementor-accordion-icon-closed\"><svg class=\"e-font-icon-svg e-fas-plus\" viewBox=\"0 0 448 512\" xmlns=\"http:\/\/www.w3.org\/2000\/svg\"><path d=\"M416 208H272V64c0-17.67-14.33-32-32-32h-32c-17.67 0-32 14.33-32 32v144H32c-17.67 0-32 14.33-32 32v32c0 17.67 14.33 32 32 32h144v144c0 17.67 14.33 32 32 32h32c17.67 0 32-14.33 32-32V304h144c17.67 0 32-14.33 32-32v-32c0-17.67-14.33-32-32-32z\"><\/path><\/svg><\/span>\n\t\t\t\t\t\t\t\t<span class=\"elementor-accordion-icon-opened\"><svg class=\"e-font-icon-svg e-fas-minus\" viewBox=\"0 0 448 512\" xmlns=\"http:\/\/www.w3.org\/2000\/svg\"><path d=\"M416 208H32c-17.67 0-32 14.33-32 32v32c0 17.67 14.33 32 32 32h384c17.67 0 32-14.33 32-32v-32c0-17.67-14.33-32-32-32z\"><\/path><\/svg><\/span>\n\t\t\t\t\t\t\t\t\t\t\t\t\t\t<\/span>\n\t\t\t\t\t\t\t\t\t\t\t\t<a class=\"elementor-accordion-title\" tabindex=\"0\">Comment puis-je savoir de quelle couleur ou de quel grade sont mes yeux ?<\/a>\n\t\t\t\t\t<\/div>\n\t\t\t\t\t<div id=\"elementor-tab-content-77319\" class=\"elementor-tab-content elementor-clearfix\" data-tab=\"19\" role=\"region\" aria-labelledby=\"elementor-tab-title-77319\">Vous pouvez consulter la classification des couleurs selon le degr\u00e9 de pigmentation sur notre site web. De plus, vous pouvez effectuer une simulation approximative gr\u00e2ce \u00e0 notre application\u00a0: EyeCos EYE Selfie.<\/div>\n\t\t\t\t<\/div>\n\t\t\t\t\t\t\t<div class=\"elementor-accordion-item\">\n\t\t\t\t\t<div id=\"elementor-tab-title-77320\" class=\"elementor-tab-title\" data-tab=\"20\" role=\"button\" aria-controls=\"elementor-tab-content-77320\" aria-expanded=\"false\">\n\t\t\t\t\t\t\t\t\t\t\t\t\t<span class=\"elementor-accordion-icon elementor-accordion-icon-right\" aria-hidden=\"true\">\n\t\t\t\t\t\t\t\t\t\t\t\t\t\t\t<span class=\"elementor-accordion-icon-closed\"><svg class=\"e-font-icon-svg e-fas-plus\" viewBox=\"0 0 448 512\" xmlns=\"http:\/\/www.w3.org\/2000\/svg\"><path d=\"M416 208H272V64c0-17.67-14.33-32-32-32h-32c-17.67 0-32 14.33-32 32v144H32c-17.67 0-32 14.33-32 32v32c0 17.67 14.33 32 32 32h144v144c0 17.67 14.33 32 32 32h32c17.67 0 32-14.33 32-32V304h144c17.67 0 32-14.33 32-32v-32c0-17.67-14.33-32-32-32z\"><\/path><\/svg><\/span>\n\t\t\t\t\t\t\t\t<span class=\"elementor-accordion-icon-opened\"><svg class=\"e-font-icon-svg e-fas-minus\" viewBox=\"0 0 448 512\" xmlns=\"http:\/\/www.w3.org\/2000\/svg\"><path d=\"M416 208H32c-17.67 0-32 14.33-32 32v32c0 17.67 14.33 32 32 32h384c17.67 0 32-14.33 32-32v-32c0-17.67-14.33-32-32-32z\"><\/path><\/svg><\/span>\n\t\t\t\t\t\t\t\t\t\t\t\t\t\t<\/span>\n\t\t\t\t\t\t\t\t\t\t\t\t<a class=\"elementor-accordion-title\" tabindex=\"0\">Quelles sont les innovations du nouveau laser 10G\u00a0?<\/a>\n\t\t\t\t\t<\/div>\n\t\t\t\t\t<div id=\"elementor-tab-content-77320\" class=\"elementor-tab-content elementor-clearfix\" data-tab=\"20\" role=\"region\" aria-labelledby=\"elementor-tab-title-77320\"><p>La technologie laser a r\u00e9volutionn\u00e9 l&rsquo;ophtalmologie, et la Cl\u00ednica Eyecos de Barcelone est \u00e0 la pointe du progr\u00e8s gr\u00e2ce \u00e0 son traitement innovant au laser 10G. Fruit de plus d&rsquo;une d\u00e9cennie de recherche et d\u00e9veloppement, cette proc\u00e9dure offre une solution s\u00fbre et efficace pour changer la couleur des yeux.<\/p><p>Le laser 10G de la Cl\u00ednica Eyecos utilise une technique non invasive permettant de modifier la pigmentation de l&rsquo;iris sans chirurgie. Ce traitement offre non seulement la possibilit\u00e9 de changer la couleur des yeux pour des raisons esth\u00e9tiques, mais aussi d&rsquo;am\u00e9liorer la qualit\u00e9 de vie des patients recherchant une alternative aux lentilles de contact color\u00e9es.<\/p><p>L&rsquo;un des atouts majeurs du nouveau laser 10G pour le changement de couleur des yeux est sa s\u00e9curit\u00e9, avec un taux de satisfaction \u00e9lev\u00e9 et l&rsquo;absence d&rsquo;effets secondaires significatifs.<\/p><p>L&rsquo;efficacit\u00e9 du laser 10G est \u00e9galement remarquable. Les patients constatent des r\u00e9sultats constants et durables, la couleur de l&rsquo;iris restant stable dans le temps. De plus, la proc\u00e9dure est rapide (moins d&rsquo;une minute) et le temps de r\u00e9cup\u00e9ration minimal, permettant aux patients de reprendre leurs activit\u00e9s normales presque imm\u00e9diatement.<\/p><p>Gr\u00e2ce \u00e0 ce nouveau laser, nous pouvons r\u00e9duire la dur\u00e9e du traitement \u00e0 un ou deux jours. Les d\u00e9lais d&rsquo;attente sont \u00e9galement r\u00e9duits\u00a0: au lieu de quatre mois entre les s\u00e9ances, il n&rsquo;y en aura plus qu&rsquo;un ou deux. Autre avantage\u00a0: le traitement peut \u00eatre r\u00e9alis\u00e9 en une ou deux phases. Cette avanc\u00e9e accro\u00eet non seulement l&rsquo;efficacit\u00e9, mais permet aussi aux patients internationaux de r\u00e9duire les co\u00fbts li\u00e9s \u00e0 leur s\u00e9jour \u00e0 Barcelone.<\/p><p>La dur\u00e9e des s\u00e9ances est consid\u00e9rablement r\u00e9duite \u00e0 deux jours, avec un intervalle d&rsquo;environ deux mois entre les phases, selon l&rsquo;\u00e9tat des yeux.<\/p><p>Le laser 10G est plus s\u00fbr, plus pr\u00e9cis et plus performant technologiquement\u00a0: des am\u00e9liorations qui optimisent encore davantage le service de changement de couleur des yeux.<\/p><p>Guide NEWEYES pour le changement de couleur des yeux<\/p><\/div>\n\t\t\t\t<\/div>\n\t\t\t\t\t\t\t<div class=\"elementor-accordion-item\">\n\t\t\t\t\t<div id=\"elementor-tab-title-77321\" class=\"elementor-tab-title\" data-tab=\"21\" role=\"button\" aria-controls=\"elementor-tab-content-77321\" aria-expanded=\"false\">\n\t\t\t\t\t\t\t\t\t\t\t\t\t<span class=\"elementor-accordion-icon elementor-accordion-icon-right\" aria-hidden=\"true\">\n\t\t\t\t\t\t\t\t\t\t\t\t\t\t\t<span class=\"elementor-accordion-icon-closed\"><svg class=\"e-font-icon-svg e-fas-plus\" viewBox=\"0 0 448 512\" xmlns=\"http:\/\/www.w3.org\/2000\/svg\"><path d=\"M416 208H272V64c0-17.67-14.33-32-32-32h-32c-17.67 0-32 14.33-32 32v144H32c-17.67 0-32 14.33-32 32v32c0 17.67 14.33 32 32 32h144v144c0 17.67 14.33 32 32 32h32c17.67 0 32-14.33 32-32V304h144c17.67 0 32-14.33 32-32v-32c0-17.67-14.33-32-32-32z\"><\/path><\/svg><\/span>\n\t\t\t\t\t\t\t\t<span class=\"elementor-accordion-icon-opened\"><svg class=\"e-font-icon-svg e-fas-minus\" viewBox=\"0 0 448 512\" xmlns=\"http:\/\/www.w3.org\/2000\/svg\"><path d=\"M416 208H32c-17.67 0-32 14.33-32 32v32c0 17.67 14.33 32 32 32h384c17.67 0 32-14.33 32-32v-32c0-17.67-14.33-32-32-32z\"><\/path><\/svg><\/span>\n\t\t\t\t\t\t\t\t\t\t\t\t\t\t<\/span>\n\t\t\t\t\t\t\t\t\t\t\t\t<a class=\"elementor-accordion-title\" tabindex=\"0\">Le laser 10G est-il disponible dans d'autres pays ?<\/a>\n\t\t\t\t\t<\/div>\n\t\t\t\t\t<div id=\"elementor-tab-content-77321\" class=\"elementor-tab-content elementor-clearfix\" data-tab=\"21\" role=\"region\" aria-labelledby=\"elementor-tab-title-77321\">Non, le laser 10G et sa technologie ne sont disponibles qu&rsquo;\u00e0 la Cl\u00ednica Eyecos de Barcelone, en Espagne.<\/div>\n\t\t\t\t<\/div>\n\t\t\t\t\t\t\t<div class=\"elementor-accordion-item\">\n\t\t\t\t\t<div id=\"elementor-tab-title-77322\" class=\"elementor-tab-title\" data-tab=\"22\" role=\"button\" aria-controls=\"elementor-tab-content-77322\" aria-expanded=\"false\">\n\t\t\t\t\t\t\t\t\t\t\t\t\t<span class=\"elementor-accordion-icon elementor-accordion-icon-right\" aria-hidden=\"true\">\n\t\t\t\t\t\t\t\t\t\t\t\t\t\t\t<span class=\"elementor-accordion-icon-closed\"><svg class=\"e-font-icon-svg e-fas-plus\" viewBox=\"0 0 448 512\" xmlns=\"http:\/\/www.w3.org\/2000\/svg\"><path d=\"M416 208H272V64c0-17.67-14.33-32-32-32h-32c-17.67 0-32 14.33-32 32v144H32c-17.67 0-32 14.33-32 32v32c0 17.67 14.33 32 32 32h144v144c0 17.67 14.33 32 32 32h32c17.67 0 32-14.33 32-32V304h144c17.67 0 32-14.33 32-32v-32c0-17.67-14.33-32-32-32z\"><\/path><\/svg><\/span>\n\t\t\t\t\t\t\t\t<span class=\"elementor-accordion-icon-opened\"><svg class=\"e-font-icon-svg e-fas-minus\" viewBox=\"0 0 448 512\" xmlns=\"http:\/\/www.w3.org\/2000\/svg\"><path d=\"M416 208H32c-17.67 0-32 14.33-32 32v32c0 17.67 14.33 32 32 32h384c17.67 0 32-14.33 32-32v-32c0-17.67-14.33-32-32-32z\"><\/path><\/svg><\/span>\n\t\t\t\t\t\t\t\t\t\t\t\t\t\t<\/span>\n\t\t\t\t\t\t\t\t\t\t\t\t<a class=\"elementor-accordion-title\" tabindex=\"0\">Quelle est la diff\u00e9rence entre le laser 10G et le GPlus\u00a0?<\/a>\n\t\t\t\t\t<\/div>\n\t\t\t\t\t<div id=\"elementor-tab-content-77322\" class=\"elementor-tab-content elementor-clearfix\" data-tab=\"22\" role=\"region\" aria-labelledby=\"elementor-tab-title-77322\"><ul><li>Le laser 10G est indiqu\u00e9 pour les niveaux 2, 3 et 4 afin d&rsquo;\u00e9claircir la couleur et d&rsquo;obtenir des teintes brun clair, miel et verd\u00e2tre.<\/li><li>Le laser GPlus est indiqu\u00e9 pour les niveaux 2, 3, 4 et 5 afin d&rsquo;obtenir des teintes gris-bleu et turquoise.<\/li><li>Ces deux lasers sont confortables, s\u00fbrs, rapides et efficaces. Ils sont appliqu\u00e9s par s\u00e9ances de 2 jours, tous les 1 \u00e0 2 mois.<\/li><li>Ces deux lasers permettent d&rsquo;augmenter la luminosit\u00e9 et d&rsquo;obtenir des yeux tr\u00e8s clairs.<\/li><\/ul><section class=\"text-token-text-primary w-full focus:outline-none [--shadow-height:45px] has-data-writing-block:pointer-events-none has-data-writing-block:-mt-(--shadow-height) has-data-writing-block:pt-(--shadow-height) [&amp;:has([data-writing-block])&gt;*]:pointer-events-auto scroll-mt-[calc(var(--header-height)+min(200px,max(70px,20svh)))]\" dir=\"auto\" data-turn-id=\"request-WEB:de39c8db-da33-44dd-bc1a-0481b9e593ac-49\" data-testid=\"conversation-turn-100\" data-scroll-anchor=\"true\" data-turn=\"assistant\"><div class=\"text-base my-auto mx-auto pb-10 [--thread-content-margin:var(--thread-content-margin-xs,calc(var(--spacing)*4))] @w-sm\/main:[--thread-content-margin:var(--thread-content-margin-sm,calc(var(--spacing)*6))] @w-lg\/main:[--thread-content-margin:var(--thread-content-margin-lg,calc(var(--spacing)*16))] px-(--thread-content-margin)\"><div class=\"[--thread-content-max-width:40rem] @w-lg\/main:[--thread-content-max-width:48rem] mx-auto max-w-(--thread-content-max-width) flex-1 group\/turn-messages focus-visible:outline-hidden relative flex w-full min-w-0 flex-col agent-turn\"><div class=\"flex max-w-full flex-col gap-4 grow\"><div class=\"min-h-8 text-message relative flex w-full flex-col items-end gap-2 text-start break-words whitespace-normal outline-none keyboard-focused:focus-ring [.text-message+&amp;]:mt-1\" dir=\"auto\" tabindex=\"0\" data-message-author-role=\"assistant\" data-message-id=\"48f04d83-0fee-4366-9037-98f7436b38c0\" data-message-model-slug=\"gpt-5-3\" data-turn-start-message=\"true\"><div class=\"flex w-full flex-col gap-1 empty:hidden\"><div class=\"markdown prose dark:prose-invert w-full wrap-break-word light markdown-new-styling\">\u00a0<\/div><\/div><\/div><\/div><\/div><\/div><\/section><\/div>\n\t\t\t\t<\/div>\n\t\t\t\t\t\t\t<div class=\"elementor-accordion-item\">\n\t\t\t\t\t<div id=\"elementor-tab-title-77323\" class=\"elementor-tab-title\" data-tab=\"23\" role=\"button\" aria-controls=\"elementor-tab-content-77323\" aria-expanded=\"false\">\n\t\t\t\t\t\t\t\t\t\t\t\t\t<span class=\"elementor-accordion-icon elementor-accordion-icon-right\" aria-hidden=\"true\">\n\t\t\t\t\t\t\t\t\t\t\t\t\t\t\t<span class=\"elementor-accordion-icon-closed\"><svg class=\"e-font-icon-svg e-fas-plus\" viewBox=\"0 0 448 512\" xmlns=\"http:\/\/www.w3.org\/2000\/svg\"><path d=\"M416 208H272V64c0-17.67-14.33-32-32-32h-32c-17.67 0-32 14.33-32 32v144H32c-17.67 0-32 14.33-32 32v32c0 17.67 14.33 32 32 32h144v144c0 17.67 14.33 32 32 32h32c17.67 0 32-14.33 32-32V304h144c17.67 0 32-14.33 32-32v-32c0-17.67-14.33-32-32-32z\"><\/path><\/svg><\/span>\n\t\t\t\t\t\t\t\t<span class=\"elementor-accordion-icon-opened\"><svg class=\"e-font-icon-svg e-fas-minus\" viewBox=\"0 0 448 512\" xmlns=\"http:\/\/www.w3.org\/2000\/svg\"><path d=\"M416 208H32c-17.67 0-32 14.33-32 32v32c0 17.67 14.33 32 32 32h384c17.67 0 32-14.33 32-32v-32c0-17.67-14.33-32-32-32z\"><\/path><\/svg><\/span>\n\t\t\t\t\t\t\t\t\t\t\t\t\t\t<\/span>\n\t\t\t\t\t\t\t\t\t\t\t\t<a class=\"elementor-accordion-title\" tabindex=\"0\">Comment savoir \u00e0 quoi ressembleront mes yeux ?<\/a>\n\t\t\t\t\t<\/div>\n\t\t\t\t\t<div id=\"elementor-tab-content-77323\" class=\"elementor-tab-content elementor-clearfix\" data-tab=\"23\" role=\"region\" aria-labelledby=\"elementor-tab-title-77323\">Vous pouvez t\u00e9l\u00e9charger notre GUIDE D&rsquo;APPLICATION et suivre les instructions pour obtenir des photos de haute qualit\u00e9, d\u00e9terminer le degr\u00e9 de pigmentation et acc\u00e9der aux pr\u00e9dictions et \u00e0 la simulation 3D.\n\nGuide NEWEYES pour le changement de couleur des yeux<\/div>\n\t\t\t\t<\/div>\n\t\t\t\t\t\t\t<div class=\"elementor-accordion-item\">\n\t\t\t\t\t<div id=\"elementor-tab-title-77324\" class=\"elementor-tab-title\" data-tab=\"24\" role=\"button\" aria-controls=\"elementor-tab-content-77324\" aria-expanded=\"false\">\n\t\t\t\t\t\t\t\t\t\t\t\t\t<span class=\"elementor-accordion-icon elementor-accordion-icon-right\" aria-hidden=\"true\">\n\t\t\t\t\t\t\t\t\t\t\t\t\t\t\t<span class=\"elementor-accordion-icon-closed\"><svg class=\"e-font-icon-svg e-fas-plus\" viewBox=\"0 0 448 512\" xmlns=\"http:\/\/www.w3.org\/2000\/svg\"><path d=\"M416 208H272V64c0-17.67-14.33-32-32-32h-32c-17.67 0-32 14.33-32 32v144H32c-17.67 0-32 14.33-32 32v32c0 17.67 14.33 32 32 32h144v144c0 17.67 14.33 32 32 32h32c17.67 0 32-14.33 32-32V304h144c17.67 0 32-14.33 32-32v-32c0-17.67-14.33-32-32-32z\"><\/path><\/svg><\/span>\n\t\t\t\t\t\t\t\t<span class=\"elementor-accordion-icon-opened\"><svg class=\"e-font-icon-svg e-fas-minus\" viewBox=\"0 0 448 512\" xmlns=\"http:\/\/www.w3.org\/2000\/svg\"><path d=\"M416 208H32c-17.67 0-32 14.33-32 32v32c0 17.67 14.33 32 32 32h384c17.67 0 32-14.33 32-32v-32c0-17.67-14.33-32-32-32z\"><\/path><\/svg><\/span>\n\t\t\t\t\t\t\t\t\t\t\t\t\t\t<\/span>\n\t\t\t\t\t\t\t\t\t\t\t\t<a class=\"elementor-accordion-title\" tabindex=\"0\">Est-il vrai que la pigmentation r\u00e9appara\u00eet avec le temps\u00a0?<\/a>\n\t\t\t\t\t<\/div>\n\t\t\t\t\t<div id=\"elementor-tab-content-77324\" class=\"elementor-tab-content elementor-clearfix\" data-tab=\"24\" role=\"region\" aria-labelledby=\"elementor-tab-title-77324\">Le changement de couleur des yeux est permanent et dure pour toujours.<\/div>\n\t\t\t\t<\/div>\n\t\t\t\t\t\t\t<div class=\"elementor-accordion-item\">\n\t\t\t\t\t<div id=\"elementor-tab-title-77325\" class=\"elementor-tab-title\" data-tab=\"25\" role=\"button\" aria-controls=\"elementor-tab-content-77325\" aria-expanded=\"false\">\n\t\t\t\t\t\t\t\t\t\t\t\t\t<span class=\"elementor-accordion-icon elementor-accordion-icon-right\" aria-hidden=\"true\">\n\t\t\t\t\t\t\t\t\t\t\t\t\t\t\t<span class=\"elementor-accordion-icon-closed\"><svg class=\"e-font-icon-svg e-fas-plus\" viewBox=\"0 0 448 512\" xmlns=\"http:\/\/www.w3.org\/2000\/svg\"><path d=\"M416 208H272V64c0-17.67-14.33-32-32-32h-32c-17.67 0-32 14.33-32 32v144H32c-17.67 0-32 14.33-32 32v32c0 17.67 14.33 32 32 32h144v144c0 17.67 14.33 32 32 32h32c17.67 0 32-14.33 32-32V304h144c17.67 0 32-14.33 32-32v-32c0-17.67-14.33-32-32-32z\"><\/path><\/svg><\/span>\n\t\t\t\t\t\t\t\t<span class=\"elementor-accordion-icon-opened\"><svg class=\"e-font-icon-svg e-fas-minus\" viewBox=\"0 0 448 512\" xmlns=\"http:\/\/www.w3.org\/2000\/svg\"><path d=\"M416 208H32c-17.67 0-32 14.33-32 32v32c0 17.67 14.33 32 32 32h384c17.67 0 32-14.33 32-32v-32c0-17.67-14.33-32-32-32z\"><\/path><\/svg><\/span>\n\t\t\t\t\t\t\t\t\t\t\t\t\t\t<\/span>\n\t\t\t\t\t\t\t\t\t\t\t\t<a class=\"elementor-accordion-title\" tabindex=\"0\"> Comment puis-je prendre rendez-vous ?<\/a>\n\t\t\t\t\t<\/div>\n\t\t\t\t\t<div id=\"elementor-tab-content-77325\" class=\"elementor-tab-content elementor-clearfix\" data-tab=\"25\" role=\"region\" aria-labelledby=\"elementor-tab-title-77325\">Vous pouvez prendre rendez-vous ou nous contacter via le lien suivant\u00a0: Contact<\/div>\n\t\t\t\t<\/div>\n\t\t\t\t\t\t\t<div class=\"elementor-accordion-item\">\n\t\t\t\t\t<div id=\"elementor-tab-title-77326\" class=\"elementor-tab-title\" data-tab=\"26\" role=\"button\" aria-controls=\"elementor-tab-content-77326\" aria-expanded=\"false\">\n\t\t\t\t\t\t\t\t\t\t\t\t\t<span class=\"elementor-accordion-icon elementor-accordion-icon-right\" aria-hidden=\"true\">\n\t\t\t\t\t\t\t\t\t\t\t\t\t\t\t<span class=\"elementor-accordion-icon-closed\"><svg class=\"e-font-icon-svg e-fas-plus\" viewBox=\"0 0 448 512\" xmlns=\"http:\/\/www.w3.org\/2000\/svg\"><path d=\"M416 208H272V64c0-17.67-14.33-32-32-32h-32c-17.67 0-32 14.33-32 32v144H32c-17.67 0-32 14.33-32 32v32c0 17.67 14.33 32 32 32h144v144c0 17.67 14.33 32 32 32h32c17.67 0 32-14.33 32-32V304h144c17.67 0 32-14.33 32-32v-32c0-17.67-14.33-32-32-32z\"><\/path><\/svg><\/span>\n\t\t\t\t\t\t\t\t<span class=\"elementor-accordion-icon-opened\"><svg class=\"e-font-icon-svg e-fas-minus\" viewBox=\"0 0 448 512\" xmlns=\"http:\/\/www.w3.org\/2000\/svg\"><path d=\"M416 208H32c-17.67 0-32 14.33-32 32v32c0 17.67 14.33 32 32 32h384c17.67 0 32-14.33 32-32v-32c0-17.67-14.33-32-32-32z\"><\/path><\/svg><\/span>\n\t\t\t\t\t\t\t\t\t\t\t\t\t\t<\/span>\n\t\t\t\t\t\t\t\t\t\t\t\t<a class=\"elementor-accordion-title\" tabindex=\"0\">Le laser NewEyes provient-il de la Cl\u00ednica Eyecos\u00a0?<\/a>\n\t\t\t\t\t<\/div>\n\t\t\t\t\t<div id=\"elementor-tab-content-77326\" class=\"elementor-tab-content elementor-clearfix\" data-tab=\"26\" role=\"region\" aria-labelledby=\"elementor-tab-title-77326\">Exactement, le laser NewEyes est la propri\u00e9t\u00e9 exclusive, au niveau mondial, de la Cl\u00ednica Eyecos \u00e0 Barcelone.<\/div>\n\t\t\t\t<\/div>\n\t\t\t\t\t\t\t<div class=\"elementor-accordion-item\">\n\t\t\t\t\t<div id=\"elementor-tab-title-77327\" class=\"elementor-tab-title\" data-tab=\"27\" role=\"button\" aria-controls=\"elementor-tab-content-77327\" aria-expanded=\"false\">\n\t\t\t\t\t\t\t\t\t\t\t\t\t<span class=\"elementor-accordion-icon elementor-accordion-icon-right\" aria-hidden=\"true\">\n\t\t\t\t\t\t\t\t\t\t\t\t\t\t\t<span class=\"elementor-accordion-icon-closed\"><svg class=\"e-font-icon-svg e-fas-plus\" viewBox=\"0 0 448 512\" xmlns=\"http:\/\/www.w3.org\/2000\/svg\"><path d=\"M416 208H272V64c0-17.67-14.33-32-32-32h-32c-17.67 0-32 14.33-32 32v144H32c-17.67 0-32 14.33-32 32v32c0 17.67 14.33 32 32 32h144v144c0 17.67 14.33 32 32 32h32c17.67 0 32-14.33 32-32V304h144c17.67 0 32-14.33 32-32v-32c0-17.67-14.33-32-32-32z\"><\/path><\/svg><\/span>\n\t\t\t\t\t\t\t\t<span class=\"elementor-accordion-icon-opened\"><svg class=\"e-font-icon-svg e-fas-minus\" viewBox=\"0 0 448 512\" xmlns=\"http:\/\/www.w3.org\/2000\/svg\"><path d=\"M416 208H32c-17.67 0-32 14.33-32 32v32c0 17.67 14.33 32 32 32h384c17.67 0 32-14.33 32-32v-32c0-17.67-14.33-32-32-32z\"><\/path><\/svg><\/span>\n\t\t\t\t\t\t\t\t\t\t\t\t\t\t<\/span>\n\t\t\t\t\t\t\t\t\t\t\t\t<a class=\"elementor-accordion-title\" tabindex=\"0\">Existe-t-il une alternative \u00e0 Eyecos ?<\/a>\n\t\t\t\t\t<\/div>\n\t\t\t\t\t<div id=\"elementor-tab-content-77327\" class=\"elementor-tab-content elementor-clearfix\" data-tab=\"27\" role=\"region\" aria-labelledby=\"elementor-tab-title-77327\">\u00c0 l&rsquo;heure actuelle, il n&rsquo;existe aucune alternative au niveau mondial qui soit \u00e0 la fois s\u00fbre et efficace. La technique laser NewEyes et de changement de couleur des yeux est exclusive \u00e0 la Cl\u00ednica Eyecos de Barcelone, en Espagne.<\/div>\n\t\t\t\t<\/div>\n\t\t\t\t\t\t\t<div class=\"elementor-accordion-item\">\n\t\t\t\t\t<div id=\"elementor-tab-title-77328\" class=\"elementor-tab-title\" data-tab=\"28\" role=\"button\" aria-controls=\"elementor-tab-content-77328\" aria-expanded=\"false\">\n\t\t\t\t\t\t\t\t\t\t\t\t\t<span class=\"elementor-accordion-icon elementor-accordion-icon-right\" aria-hidden=\"true\">\n\t\t\t\t\t\t\t\t\t\t\t\t\t\t\t<span class=\"elementor-accordion-icon-closed\"><svg class=\"e-font-icon-svg e-fas-plus\" viewBox=\"0 0 448 512\" xmlns=\"http:\/\/www.w3.org\/2000\/svg\"><path d=\"M416 208H272V64c0-17.67-14.33-32-32-32h-32c-17.67 0-32 14.33-32 32v144H32c-17.67 0-32 14.33-32 32v32c0 17.67 14.33 32 32 32h144v144c0 17.67 14.33 32 32 32h32c17.67 0 32-14.33 32-32V304h144c17.67 0 32-14.33 32-32v-32c0-17.67-14.33-32-32-32z\"><\/path><\/svg><\/span>\n\t\t\t\t\t\t\t\t<span class=\"elementor-accordion-icon-opened\"><svg class=\"e-font-icon-svg e-fas-minus\" viewBox=\"0 0 448 512\" xmlns=\"http:\/\/www.w3.org\/2000\/svg\"><path d=\"M416 208H32c-17.67 0-32 14.33-32 32v32c0 17.67 14.33 32 32 32h384c17.67 0 32-14.33 32-32v-32c0-17.67-14.33-32-32-32z\"><\/path><\/svg><\/span>\n\t\t\t\t\t\t\t\t\t\t\t\t\t\t<\/span>\n\t\t\t\t\t\t\t\t\t\t\t\t<a class=\"elementor-accordion-title\" tabindex=\"0\">Quel est le prix d'un changement de couleur des yeux\u00a0?<\/a>\n\t\t\t\t\t<\/div>\n\t\t\t\t\t<div id=\"elementor-tab-content-77328\" class=\"elementor-tab-content elementor-clearfix\" data-tab=\"28\" role=\"region\" aria-labelledby=\"elementor-tab-title-77328\">Vous pouvez consulter la section des tarifs.<\/div>\n\t\t\t\t<\/div>\n\t\t\t\t\t\t\t<div class=\"elementor-accordion-item\">\n\t\t\t\t\t<div id=\"elementor-tab-title-77329\" class=\"elementor-tab-title\" data-tab=\"29\" role=\"button\" aria-controls=\"elementor-tab-content-77329\" aria-expanded=\"false\">\n\t\t\t\t\t\t\t\t\t\t\t\t\t<span class=\"elementor-accordion-icon elementor-accordion-icon-right\" aria-hidden=\"true\">\n\t\t\t\t\t\t\t\t\t\t\t\t\t\t\t<span class=\"elementor-accordion-icon-closed\"><svg class=\"e-font-icon-svg e-fas-plus\" viewBox=\"0 0 448 512\" xmlns=\"http:\/\/www.w3.org\/2000\/svg\"><path d=\"M416 208H272V64c0-17.67-14.33-32-32-32h-32c-17.67 0-32 14.33-32 32v144H32c-17.67 0-32 14.33-32 32v32c0 17.67 14.33 32 32 32h144v144c0 17.67 14.33 32 32 32h32c17.67 0 32-14.33 32-32V304h144c17.67 0 32-14.33 32-32v-32c0-17.67-14.33-32-32-32z\"><\/path><\/svg><\/span>\n\t\t\t\t\t\t\t\t<span class=\"elementor-accordion-icon-opened\"><svg class=\"e-font-icon-svg e-fas-minus\" viewBox=\"0 0 448 512\" xmlns=\"http:\/\/www.w3.org\/2000\/svg\"><path d=\"M416 208H32c-17.67 0-32 14.33-32 32v32c0 17.67 14.33 32 32 32h384c17.67 0 32-14.33 32-32v-32c0-17.67-14.33-32-32-32z\"><\/path><\/svg><\/span>\n\t\t\t\t\t\t\t\t\t\t\t\t\t\t<\/span>\n\t\t\t\t\t\t\t\t\t\t\t\t<a class=\"elementor-accordion-title\" tabindex=\"0\">Quel est le prix pour \u00e9claircir un seul \u0153il ?<\/a>\n\t\t\t\t\t<\/div>\n\t\t\t\t\t<div id=\"elementor-tab-content-77329\" class=\"elementor-tab-content elementor-clearfix\" data-tab=\"29\" role=\"region\" aria-labelledby=\"elementor-tab-title-77329\">Le prix est le m\u00eame que pour un \u00e9claircissement complet, car le diagnostic, le traitement laser et le suivi sont identiques. La dur\u00e9e est la m\u00eame.<\/div>\n\t\t\t\t<\/div>\n\t\t\t\t\t\t\t<div class=\"elementor-accordion-item\">\n\t\t\t\t\t<div id=\"elementor-tab-title-77330\" class=\"elementor-tab-title\" data-tab=\"30\" role=\"button\" aria-controls=\"elementor-tab-content-77330\" aria-expanded=\"false\">\n\t\t\t\t\t\t\t\t\t\t\t\t\t<span class=\"elementor-accordion-icon elementor-accordion-icon-right\" aria-hidden=\"true\">\n\t\t\t\t\t\t\t\t\t\t\t\t\t\t\t<span class=\"elementor-accordion-icon-closed\"><svg class=\"e-font-icon-svg e-fas-plus\" viewBox=\"0 0 448 512\" xmlns=\"http:\/\/www.w3.org\/2000\/svg\"><path d=\"M416 208H272V64c0-17.67-14.33-32-32-32h-32c-17.67 0-32 14.33-32 32v144H32c-17.67 0-32 14.33-32 32v32c0 17.67 14.33 32 32 32h144v144c0 17.67 14.33 32 32 32h32c17.67 0 32-14.33 32-32V304h144c17.67 0 32-14.33 32-32v-32c0-17.67-14.33-32-32-32z\"><\/path><\/svg><\/span>\n\t\t\t\t\t\t\t\t<span class=\"elementor-accordion-icon-opened\"><svg class=\"e-font-icon-svg e-fas-minus\" viewBox=\"0 0 448 512\" xmlns=\"http:\/\/www.w3.org\/2000\/svg\"><path d=\"M416 208H32c-17.67 0-32 14.33-32 32v32c0 17.67 14.33 32 32 32h384c17.67 0 32-14.33 32-32v-32c0-17.67-14.33-32-32-32z\"><\/path><\/svg><\/span>\n\t\t\t\t\t\t\t\t\t\t\t\t\t\t<\/span>\n\t\t\t\t\t\t\t\t\t\t\t\t<a class=\"elementor-accordion-title\" tabindex=\"0\">Est-il possible de payer en plusieurs fois ?<\/a>\n\t\t\t\t\t<\/div>\n\t\t\t\t\t<div id=\"elementor-tab-content-77330\" class=\"elementor-tab-content elementor-clearfix\" data-tab=\"30\" role=\"region\" aria-labelledby=\"elementor-tab-title-77330\"><p>D\u00e9sormais, le paiement peut \u00eatre \u00e9chelonn\u00e9 sur 3, 6, 9 ou 12 mois par carte bancaire. Plus d&rsquo;informations : <a href=\"mailto:secretary@eyecos.eu\">secretary@eyecos.eu<\/a><\/p><\/div>\n\t\t\t\t<\/div>\n\t\t\t\t\t\t\t<div class=\"elementor-accordion-item\">\n\t\t\t\t\t<div id=\"elementor-tab-title-77331\" class=\"elementor-tab-title\" data-tab=\"31\" role=\"button\" aria-controls=\"elementor-tab-content-77331\" aria-expanded=\"false\">\n\t\t\t\t\t\t\t\t\t\t\t\t\t<span class=\"elementor-accordion-icon elementor-accordion-icon-right\" aria-hidden=\"true\">\n\t\t\t\t\t\t\t\t\t\t\t\t\t\t\t<span class=\"elementor-accordion-icon-closed\"><svg class=\"e-font-icon-svg e-fas-plus\" viewBox=\"0 0 448 512\" xmlns=\"http:\/\/www.w3.org\/2000\/svg\"><path d=\"M416 208H272V64c0-17.67-14.33-32-32-32h-32c-17.67 0-32 14.33-32 32v144H32c-17.67 0-32 14.33-32 32v32c0 17.67 14.33 32 32 32h144v144c0 17.67 14.33 32 32 32h32c17.67 0 32-14.33 32-32V304h144c17.67 0 32-14.33 32-32v-32c0-17.67-14.33-32-32-32z\"><\/path><\/svg><\/span>\n\t\t\t\t\t\t\t\t<span class=\"elementor-accordion-icon-opened\"><svg class=\"e-font-icon-svg e-fas-minus\" viewBox=\"0 0 448 512\" xmlns=\"http:\/\/www.w3.org\/2000\/svg\"><path d=\"M416 208H32c-17.67 0-32 14.33-32 32v32c0 17.67 14.33 32 32 32h384c17.67 0 32-14.33 32-32v-32c0-17.67-14.33-32-32-32z\"><\/path><\/svg><\/span>\n\t\t\t\t\t\t\t\t\t\t\t\t\t\t<\/span>\n\t\t\t\t\t\t\t\t\t\t\t\t<a class=\"elementor-accordion-title\" tabindex=\"0\">Comment le paiement peut-il \u00eatre effectu\u00e9 ?<\/a>\n\t\t\t\t\t<\/div>\n\t\t\t\t\t<div id=\"elementor-tab-content-77331\" class=\"elementor-tab-content elementor-clearfix\" data-tab=\"31\" role=\"region\" aria-labelledby=\"elementor-tab-title-77331\">Vous pouvez payer par PayPal, carte de cr\u00e9dit ou en esp\u00e8ces.<\/div>\n\t\t\t\t<\/div>\n\t\t\t\t\t\t\t<div class=\"elementor-accordion-item\">\n\t\t\t\t\t<div id=\"elementor-tab-title-77332\" class=\"elementor-tab-title\" data-tab=\"32\" role=\"button\" aria-controls=\"elementor-tab-content-77332\" aria-expanded=\"false\">\n\t\t\t\t\t\t\t\t\t\t\t\t\t<span class=\"elementor-accordion-icon elementor-accordion-icon-right\" aria-hidden=\"true\">\n\t\t\t\t\t\t\t\t\t\t\t\t\t\t\t<span class=\"elementor-accordion-icon-closed\"><svg class=\"e-font-icon-svg e-fas-plus\" viewBox=\"0 0 448 512\" xmlns=\"http:\/\/www.w3.org\/2000\/svg\"><path d=\"M416 208H272V64c0-17.67-14.33-32-32-32h-32c-17.67 0-32 14.33-32 32v144H32c-17.67 0-32 14.33-32 32v32c0 17.67 14.33 32 32 32h144v144c0 17.67 14.33 32 32 32h32c17.67 0 32-14.33 32-32V304h144c17.67 0 32-14.33 32-32v-32c0-17.67-14.33-32-32-32z\"><\/path><\/svg><\/span>\n\t\t\t\t\t\t\t\t<span class=\"elementor-accordion-icon-opened\"><svg class=\"e-font-icon-svg e-fas-minus\" viewBox=\"0 0 448 512\" xmlns=\"http:\/\/www.w3.org\/2000\/svg\"><path d=\"M416 208H32c-17.67 0-32 14.33-32 32v32c0 17.67 14.33 32 32 32h384c17.67 0 32-14.33 32-32v-32c0-17.67-14.33-32-32-32z\"><\/path><\/svg><\/span>\n\t\t\t\t\t\t\t\t\t\t\t\t\t\t<\/span>\n\t\t\t\t\t\t\t\t\t\t\t\t<a class=\"elementor-accordion-title\" tabindex=\"0\">Dans quel pays \u00eates-vous ?<\/a>\n\t\t\t\t\t<\/div>\n\t\t\t\t\t<div id=\"elementor-tab-content-77332\" class=\"elementor-tab-content elementor-clearfix\" data-tab=\"32\" role=\"region\" aria-labelledby=\"elementor-tab-title-77332\"><p>Nous sommes uniquement pr\u00e9sents en Espagne.<\/p><\/div>\n\t\t\t\t<\/div>\n\t\t\t\t\t\t\t<div class=\"elementor-accordion-item\">\n\t\t\t\t\t<div id=\"elementor-tab-title-77333\" class=\"elementor-tab-title\" data-tab=\"33\" role=\"button\" aria-controls=\"elementor-tab-content-77333\" aria-expanded=\"false\">\n\t\t\t\t\t\t\t\t\t\t\t\t\t<span class=\"elementor-accordion-icon elementor-accordion-icon-right\" aria-hidden=\"true\">\n\t\t\t\t\t\t\t\t\t\t\t\t\t\t\t<span class=\"elementor-accordion-icon-closed\"><svg class=\"e-font-icon-svg e-fas-plus\" viewBox=\"0 0 448 512\" xmlns=\"http:\/\/www.w3.org\/2000\/svg\"><path d=\"M416 208H272V64c0-17.67-14.33-32-32-32h-32c-17.67 0-32 14.33-32 32v144H32c-17.67 0-32 14.33-32 32v32c0 17.67 14.33 32 32 32h144v144c0 17.67 14.33 32 32 32h32c17.67 0 32-14.33 32-32V304h144c17.67 0 32-14.33 32-32v-32c0-17.67-14.33-32-32-32z\"><\/path><\/svg><\/span>\n\t\t\t\t\t\t\t\t<span class=\"elementor-accordion-icon-opened\"><svg class=\"e-font-icon-svg e-fas-minus\" viewBox=\"0 0 448 512\" xmlns=\"http:\/\/www.w3.org\/2000\/svg\"><path d=\"M416 208H32c-17.67 0-32 14.33-32 32v32c0 17.67 14.33 32 32 32h384c17.67 0 32-14.33 32-32v-32c0-17.67-14.33-32-32-32z\"><\/path><\/svg><\/span>\n\t\t\t\t\t\t\t\t\t\t\t\t\t\t<\/span>\n\t\t\t\t\t\t\t\t\t\t\t\t<a class=\"elementor-accordion-title\" tabindex=\"0\">Dans quelle ville \u00eates-vous ?<\/a>\n\t\t\t\t\t<\/div>\n\t\t\t\t\t<div id=\"elementor-tab-content-77333\" class=\"elementor-tab-content elementor-clearfix\" data-tab=\"33\" role=\"region\" aria-labelledby=\"elementor-tab-title-77333\"><p>\u00c0 Barcelone.<\/p><\/div>\n\t\t\t\t<\/div>\n\t\t\t\t\t\t\t<div class=\"elementor-accordion-item\">\n\t\t\t\t\t<div id=\"elementor-tab-title-77334\" class=\"elementor-tab-title\" data-tab=\"34\" role=\"button\" aria-controls=\"elementor-tab-content-77334\" aria-expanded=\"false\">\n\t\t\t\t\t\t\t\t\t\t\t\t\t<span class=\"elementor-accordion-icon elementor-accordion-icon-right\" aria-hidden=\"true\">\n\t\t\t\t\t\t\t\t\t\t\t\t\t\t\t<span class=\"elementor-accordion-icon-closed\"><svg class=\"e-font-icon-svg e-fas-plus\" viewBox=\"0 0 448 512\" xmlns=\"http:\/\/www.w3.org\/2000\/svg\"><path d=\"M416 208H272V64c0-17.67-14.33-32-32-32h-32c-17.67 0-32 14.33-32 32v144H32c-17.67 0-32 14.33-32 32v32c0 17.67 14.33 32 32 32h144v144c0 17.67 14.33 32 32 32h32c17.67 0 32-14.33 32-32V304h144c17.67 0 32-14.33 32-32v-32c0-17.67-14.33-32-32-32z\"><\/path><\/svg><\/span>\n\t\t\t\t\t\t\t\t<span class=\"elementor-accordion-icon-opened\"><svg class=\"e-font-icon-svg e-fas-minus\" viewBox=\"0 0 448 512\" xmlns=\"http:\/\/www.w3.org\/2000\/svg\"><path d=\"M416 208H32c-17.67 0-32 14.33-32 32v32c0 17.67 14.33 32 32 32h384c17.67 0 32-14.33 32-32v-32c0-17.67-14.33-32-32-32z\"><\/path><\/svg><\/span>\n\t\t\t\t\t\t\t\t\t\t\t\t\t\t<\/span>\n\t\t\t\t\t\t\t\t\t\t\t\t<a class=\"elementor-accordion-title\" tabindex=\"0\">La ville de Barcelone est-elle s\u00fbre ?<\/a>\n\t\t\t\t\t<\/div>\n\t\t\t\t\t<div id=\"elementor-tab-content-77334\" class=\"elementor-tab-content elementor-clearfix\" data-tab=\"34\" role=\"region\" aria-labelledby=\"elementor-tab-title-77334\">Barcelone est l&rsquo;une des villes les plus belles, accueillantes et s\u00fbres au monde. Nous serons ravis de vous accueillir et de vous faire profiter d&rsquo;un climat exceptionnel tout au long de l&rsquo;ann\u00e9e ainsi que d&rsquo;une offre touristique, gastronomique et culturelle incomparable.<\/div>\n\t\t\t\t<\/div>\n\t\t\t\t\t\t\t<div class=\"elementor-accordion-item\">\n\t\t\t\t\t<div id=\"elementor-tab-title-77335\" class=\"elementor-tab-title\" data-tab=\"35\" role=\"button\" aria-controls=\"elementor-tab-content-77335\" aria-expanded=\"false\">\n\t\t\t\t\t\t\t\t\t\t\t\t\t<span class=\"elementor-accordion-icon elementor-accordion-icon-right\" aria-hidden=\"true\">\n\t\t\t\t\t\t\t\t\t\t\t\t\t\t\t<span class=\"elementor-accordion-icon-closed\"><svg class=\"e-font-icon-svg e-fas-plus\" viewBox=\"0 0 448 512\" xmlns=\"http:\/\/www.w3.org\/2000\/svg\"><path d=\"M416 208H272V64c0-17.67-14.33-32-32-32h-32c-17.67 0-32 14.33-32 32v144H32c-17.67 0-32 14.33-32 32v32c0 17.67 14.33 32 32 32h144v144c0 17.67 14.33 32 32 32h32c17.67 0 32-14.33 32-32V304h144c17.67 0 32-14.33 32-32v-32c0-17.67-14.33-32-32-32z\"><\/path><\/svg><\/span>\n\t\t\t\t\t\t\t\t<span class=\"elementor-accordion-icon-opened\"><svg class=\"e-font-icon-svg e-fas-minus\" viewBox=\"0 0 448 512\" xmlns=\"http:\/\/www.w3.org\/2000\/svg\"><path d=\"M416 208H32c-17.67 0-32 14.33-32 32v32c0 17.67 14.33 32 32 32h384c17.67 0 32-14.33 32-32v-32c0-17.67-14.33-32-32-32z\"><\/path><\/svg><\/span>\n\t\t\t\t\t\t\t\t\t\t\t\t\t\t<\/span>\n\t\t\t\t\t\t\t\t\t\t\t\t<a class=\"elementor-accordion-title\" tabindex=\"0\">Avez-vous une clinique dans une autre ville ?<\/a>\n\t\t\t\t\t<\/div>\n\t\t\t\t\t<div id=\"elementor-tab-content-77335\" class=\"elementor-tab-content elementor-clearfix\" data-tab=\"35\" role=\"region\" aria-labelledby=\"elementor-tab-title-77335\"><p>Nous sommes d\u00e9sol\u00e9s, mais la Cl\u00ednica Eyecos est uniquement situ\u00e9e \u00e0 Barcelone, en Espagne. Notre technologie, notre expertise et notre \u00e9quipe technique sont exclusives. Vous trouverez plus d&rsquo;informations sur notre site web\u00a0: <a href=\"https:\/\/www.eyecos.eu\">www.eyecos.eu<\/a><\/p><\/div>\n\t\t\t\t<\/div>\n\t\t\t\t\t\t\t<div class=\"elementor-accordion-item\">\n\t\t\t\t\t<div id=\"elementor-tab-title-77336\" class=\"elementor-tab-title\" data-tab=\"36\" role=\"button\" aria-controls=\"elementor-tab-content-77336\" aria-expanded=\"false\">\n\t\t\t\t\t\t\t\t\t\t\t\t\t<span class=\"elementor-accordion-icon elementor-accordion-icon-right\" aria-hidden=\"true\">\n\t\t\t\t\t\t\t\t\t\t\t\t\t\t\t<span class=\"elementor-accordion-icon-closed\"><svg class=\"e-font-icon-svg e-fas-plus\" viewBox=\"0 0 448 512\" xmlns=\"http:\/\/www.w3.org\/2000\/svg\"><path d=\"M416 208H272V64c0-17.67-14.33-32-32-32h-32c-17.67 0-32 14.33-32 32v144H32c-17.67 0-32 14.33-32 32v32c0 17.67 14.33 32 32 32h144v144c0 17.67 14.33 32 32 32h32c17.67 0 32-14.33 32-32V304h144c17.67 0 32-14.33 32-32v-32c0-17.67-14.33-32-32-32z\"><\/path><\/svg><\/span>\n\t\t\t\t\t\t\t\t<span class=\"elementor-accordion-icon-opened\"><svg class=\"e-font-icon-svg e-fas-minus\" viewBox=\"0 0 448 512\" xmlns=\"http:\/\/www.w3.org\/2000\/svg\"><path d=\"M416 208H32c-17.67 0-32 14.33-32 32v32c0 17.67 14.33 32 32 32h384c17.67 0 32-14.33 32-32v-32c0-17.67-14.33-32-32-32z\"><\/path><\/svg><\/span>\n\t\t\t\t\t\t\t\t\t\t\t\t\t\t<\/span>\n\t\t\t\t\t\t\t\t\t\t\t\t<a class=\"elementor-accordion-title\" tabindex=\"0\">O\u00f9 puis-je t\u00e9l\u00e9charger vos applications\u00a0?<\/a>\n\t\t\t\t\t<\/div>\n\t\t\t\t\t<div id=\"elementor-tab-content-77336\" class=\"elementor-tab-content elementor-clearfix\" data-tab=\"36\" role=\"region\" aria-labelledby=\"elementor-tab-title-77336\"><p>\u00c0 ce lien\u00a0:<\/p><p>Guide NEWEYES pour le changement de couleur des yeux<\/p><\/div>\n\t\t\t\t<\/div>\n\t\t\t\t\t\t\t<div class=\"elementor-accordion-item\">\n\t\t\t\t\t<div id=\"elementor-tab-title-77337\" class=\"elementor-tab-title\" data-tab=\"37\" role=\"button\" aria-controls=\"elementor-tab-content-77337\" aria-expanded=\"false\">\n\t\t\t\t\t\t\t\t\t\t\t\t\t<span class=\"elementor-accordion-icon elementor-accordion-icon-right\" aria-hidden=\"true\">\n\t\t\t\t\t\t\t\t\t\t\t\t\t\t\t<span class=\"elementor-accordion-icon-closed\"><svg class=\"e-font-icon-svg e-fas-plus\" viewBox=\"0 0 448 512\" xmlns=\"http:\/\/www.w3.org\/2000\/svg\"><path d=\"M416 208H272V64c0-17.67-14.33-32-32-32h-32c-17.67 0-32 14.33-32 32v144H32c-17.67 0-32 14.33-32 32v32c0 17.67 14.33 32 32 32h144v144c0 17.67 14.33 32 32 32h32c17.67 0 32-14.33 32-32V304h144c17.67 0 32-14.33 32-32v-32c0-17.67-14.33-32-32-32z\"><\/path><\/svg><\/span>\n\t\t\t\t\t\t\t\t<span class=\"elementor-accordion-icon-opened\"><svg class=\"e-font-icon-svg e-fas-minus\" viewBox=\"0 0 448 512\" xmlns=\"http:\/\/www.w3.org\/2000\/svg\"><path d=\"M416 208H32c-17.67 0-32 14.33-32 32v32c0 17.67 14.33 32 32 32h384c17.67 0 32-14.33 32-32v-32c0-17.67-14.33-32-32-32z\"><\/path><\/svg><\/span>\n\t\t\t\t\t\t\t\t\t\t\t\t\t\t<\/span>\n\t\t\t\t\t\t\t\t\t\t\t\t<a class=\"elementor-accordion-title\" tabindex=\"0\">Le m\u00e9decin parle-t-il ma langue ?<\/a>\n\t\t\t\t\t<\/div>\n\t\t\t\t\t<div id=\"elementor-tab-content-77337\" class=\"elementor-tab-content elementor-clearfix\" data-tab=\"37\" role=\"region\" aria-labelledby=\"elementor-tab-title-77337\">Nous pouvons communiquer en anglais, en fran\u00e7ais et en espagnol.<\/div>\n\t\t\t\t<\/div>\n\t\t\t\t\t\t\t<div class=\"elementor-accordion-item\">\n\t\t\t\t\t<div id=\"elementor-tab-title-77338\" class=\"elementor-tab-title\" data-tab=\"38\" role=\"button\" aria-controls=\"elementor-tab-content-77338\" aria-expanded=\"false\">\n\t\t\t\t\t\t\t\t\t\t\t\t\t<span class=\"elementor-accordion-icon elementor-accordion-icon-right\" aria-hidden=\"true\">\n\t\t\t\t\t\t\t\t\t\t\t\t\t\t\t<span class=\"elementor-accordion-icon-closed\"><svg class=\"e-font-icon-svg e-fas-plus\" viewBox=\"0 0 448 512\" xmlns=\"http:\/\/www.w3.org\/2000\/svg\"><path d=\"M416 208H272V64c0-17.67-14.33-32-32-32h-32c-17.67 0-32 14.33-32 32v144H32c-17.67 0-32 14.33-32 32v32c0 17.67 14.33 32 32 32h144v144c0 17.67 14.33 32 32 32h32c17.67 0 32-14.33 32-32V304h144c17.67 0 32-14.33 32-32v-32c0-17.67-14.33-32-32-32z\"><\/path><\/svg><\/span>\n\t\t\t\t\t\t\t\t<span class=\"elementor-accordion-icon-opened\"><svg class=\"e-font-icon-svg e-fas-minus\" viewBox=\"0 0 448 512\" xmlns=\"http:\/\/www.w3.org\/2000\/svg\"><path d=\"M416 208H32c-17.67 0-32 14.33-32 32v32c0 17.67 14.33 32 32 32h384c17.67 0 32-14.33 32-32v-32c0-17.67-14.33-32-32-32z\"><\/path><\/svg><\/span>\n\t\t\t\t\t\t\t\t\t\t\t\t\t\t<\/span>\n\t\t\t\t\t\t\t\t\t\t\t\t<a class=\"elementor-accordion-title\" tabindex=\"0\">\u00cates-vous sur YouTube ?<\/a>\n\t\t\t\t\t<\/div>\n\t\t\t\t\t<div id=\"elementor-tab-content-77338\" class=\"elementor-tab-content elementor-clearfix\" data-tab=\"38\" role=\"region\" aria-labelledby=\"elementor-tab-title-77338\">Nous vous invitons \u00e0 consulter notre cha\u00eene YouTube si vous souhaitez obtenir plus d&rsquo;informations sur le changement de couleur des yeux\u00a0:\n\nYouTube-Eyecos, changement de couleur des yeux sans chirurgie.<\/div>\n\t\t\t\t<\/div>\n\t\t\t\t\t\t\t<div class=\"elementor-accordion-item\">\n\t\t\t\t\t<div id=\"elementor-tab-title-77339\" class=\"elementor-tab-title\" data-tab=\"39\" role=\"button\" aria-controls=\"elementor-tab-content-77339\" aria-expanded=\"false\">\n\t\t\t\t\t\t\t\t\t\t\t\t\t<span class=\"elementor-accordion-icon elementor-accordion-icon-right\" aria-hidden=\"true\">\n\t\t\t\t\t\t\t\t\t\t\t\t\t\t\t<span class=\"elementor-accordion-icon-closed\"><svg class=\"e-font-icon-svg e-fas-plus\" viewBox=\"0 0 448 512\" xmlns=\"http:\/\/www.w3.org\/2000\/svg\"><path d=\"M416 208H272V64c0-17.67-14.33-32-32-32h-32c-17.67 0-32 14.33-32 32v144H32c-17.67 0-32 14.33-32 32v32c0 17.67 14.33 32 32 32h144v144c0 17.67 14.33 32 32 32h32c17.67 0 32-14.33 32-32V304h144c17.67 0 32-14.33 32-32v-32c0-17.67-14.33-32-32-32z\"><\/path><\/svg><\/span>\n\t\t\t\t\t\t\t\t<span class=\"elementor-accordion-icon-opened\"><svg class=\"e-font-icon-svg e-fas-minus\" viewBox=\"0 0 448 512\" xmlns=\"http:\/\/www.w3.org\/2000\/svg\"><path d=\"M416 208H32c-17.67 0-32 14.33-32 32v32c0 17.67 14.33 32 32 32h384c17.67 0 32-14.33 32-32v-32c0-17.67-14.33-32-32-32z\"><\/path><\/svg><\/span>\n\t\t\t\t\t\t\t\t\t\t\t\t\t\t<\/span>\n\t\t\t\t\t\t\t\t\t\t\t\t<a class=\"elementor-accordion-title\" tabindex=\"0\">\u00cates-vous pr\u00e9sent sur les r\u00e9seaux sociaux ?<\/a>\n\t\t\t\t\t<\/div>\n\t\t\t\t\t<div id=\"elementor-tab-content-77339\" class=\"elementor-tab-content elementor-clearfix\" data-tab=\"39\" role=\"region\" aria-labelledby=\"elementor-tab-title-77339\">Oui, vous pouvez actuellement faire partie de notre grande communaut\u00e9 sur Instagram, TikTok, Facebook et YouTube.<\/div>\n\t\t\t\t<\/div>\n\t\t\t\t\t\t\t\t\t\t<script type=\"application\/ld+json\">{\"@context\":\"https:\\\/\\\/schema.org\",\"@type\":\"FAQPage\",\"mainEntity\":[{\"@type\":\"Question\",\"name\":\"En quoi consiste la proc\\u00e9dure ?\",\"acceptedAnswer\":{\"@type\":\"Answer\",\"text\":\"<p>La proc\\u00e9dure propos\\u00e9e \\u00e0 la Cl\\u00ednica Eyecos consiste \\u00e0 \\u00e9liminer d\\u00e9finitivement la pigmentation brune ou jaune de l&rsquo;iris gr\\u00e2ce \\u00e0 un laser unique, disponible exclusivement \\u00e0 Barcelone. Elle r\\u00e9v\\u00e8le ainsi la couleur naturelle que chacun avait dissimul\\u00e9e (bleu clair, argent ou vert clair).<\\\/p><p>Chaque r\\u00e9sultat \\u00e9tant diff\\u00e9rent, m\\u00eame pour un m\\u00eame degr\\u00e9 de pigmentation, une \\u00e9valuation pr\\u00e9alable est indispensable. Cette \\u00e9valuation est r\\u00e9alis\\u00e9e \\u00e0 l&rsquo;aide de notre scanner d&rsquo;iris, seule technologie adapt\\u00e9e.<\\\/p><p>Merci de votre confiance envers les sources officielles. Plus d&rsquo;informations sur www.eyecos.eu<\\\/p>\"}},{\"@type\":\"Question\",\"name\":\"Depuis combien d'ann\\u00e9es pratiquez-vous cette proc\\u00e9dure ?\",\"acceptedAnswer\":{\"@type\":\"Answer\",\"text\":\"<p>Depuis plus de 14 ans.<\\\/p>\"}},{\"@type\":\"Question\",\"name\":\"Combien de patients avez-vous trait\\u00e9s ?\",\"acceptedAnswer\":{\"@type\":\"Answer\",\"text\":\"Plus de 10 000 patients avec d&rsquo;excellents r\\u00e9sultats.\"}},{\"@type\":\"Question\",\"name\":\"L'intervention est-elle douloureuse ?\",\"acceptedAnswer\":{\"@type\":\"Answer\",\"text\":\"Rassurez-vous, la proc\\u00e9dure de changement de couleur des yeux est non invasive et tr\\u00e8s rapide (1 \\u00e0 2 minutes). Elle est r\\u00e9alis\\u00e9e au laser et est donc indolore.\"}},{\"@type\":\"Question\",\"name\":\"Est-il possible de d\\u00e9pigmenter les yeux fonc\\u00e9s\\u00a0?\",\"acceptedAnswer\":{\"@type\":\"Answer\",\"text\":\"Oui, la technique laser Neweyes est la seule au monde \\u00e0 donner de bons r\\u00e9sultats, capable de modifier ou d&rsquo;\\u00e9claircir la couleur des yeux fonc\\u00e9s, en fonction de la densit\\u00e9 et de la duret\\u00e9 de la pigmentation.\"}},{\"@type\":\"Question\",\"name\":\"Ce traitement est-il sans danger pour tout le monde ?\",\"acceptedAnswer\":{\"@type\":\"Answer\",\"text\":\"<p>Ce traitement est parfaitement s\\u00fbr pour toute personne ne souffrant d&rsquo;aucune maladie oculaire, comme le glaucome, le k\\u00e9ratoc\\u00f4ne, la cataracte, la d\\u00e9g\\u00e9n\\u00e9rescence r\\u00e9tinienne ou l&rsquo;uv\\u00e9ite, ainsi que pour les personnes diab\\u00e9tiques ou pr\\u00e9sentant une affection coronarienne ou respiratoire. Il est \\u00e9galement contre-indiqu\\u00e9 en cas d&rsquo;ant\\u00e9c\\u00e9dents familiaux de glaucome.<\\\/p><p>En revanche, les personnes myopes, astigmates, hyperm\\u00e9tropes ou presbytes peuvent b\\u00e9n\\u00e9ficier de cette intervention, de m\\u00eame que celles ayant d\\u00e9j\\u00e0 subi une chirurgie r\\u00e9fractive.<\\\/p>\"}},{\"@type\":\"Question\",\"name\":\"La vision nocturne sera-t-elle modifi\\u00e9e ?\",\"acceptedAnswer\":{\"@type\":\"Answer\",\"text\":\"Aucun effet ni alt\\u00e9ration de la vision nocturne n&rsquo;est constat\\u00e9.\"}},{\"@type\":\"Question\",\"name\":\"Pourquoi la couleur ne recouvre-t-elle pas l'iris jusqu'au centre de l'\\u0153il ?\",\"acceptedAnswer\":{\"@type\":\"Answer\",\"text\":\"Pour des raisons de s\\u00e9curit\\u00e9 et de pr\\u00e9vention, un fin anneau central est laiss\\u00e9 autour de la pupille.\"}},{\"@type\":\"Question\",\"name\":\"Qu'est-ce que l'anneau limbique ?\",\"acceptedAnswer\":{\"@type\":\"Answer\",\"text\":\"L&rsquo;anneau limbique est un anneau qui se forme autour de l&rsquo;iris, entre la corn\\u00e9e et la scl\\u00e8re. Cet anneau est plus fonc\\u00e9 que le reste de l&rsquo;iris et peut \\u00eatre naturel ou cr\\u00e9\\u00e9 au laser.\"}},{\"@type\":\"Question\",\"name\":\"O\\u00f9 va la m\\u00e9lanine \\u00e9limin\\u00e9e par le laser\\u00a0?\",\"acceptedAnswer\":{\"@type\":\"Answer\",\"text\":\"<p>L&rsquo;\\u00e9limination de la pigmentation se fait par trois voies\\u00a0:<\\\/p><ul><li>Lib\\u00e9ration des particules \\u00e0 travers le trab\\u00e9culum.<\\\/li><li>D\\u00e9p\\u00f4ts inf\\u00e9rieurs qui seront ensuite phagocyt\\u00e9s.<\\\/li><li>\\u00c9limination des r\\u00e9sidus pigmentaires de l&rsquo;iris par les macrophages.<\\\/li><\\\/ul>\"}},{\"@type\":\"Question\",\"name\":\"Pourrai-je voir imm\\u00e9diatement apr\\u00e8s l'intervention ?\",\"acceptedAnswer\":{\"@type\":\"Answer\",\"text\":\"La vision peut \\u00eatre l\\u00e9g\\u00e8rement floue pendant seulement 1 \\u00e0 2 heures.\"}},{\"@type\":\"Question\",\"name\":\"Est-il possible d'op\\u00e9rer un seul \\u0153il ou d'appliquer une couleur diff\\u00e9rente \\u00e0 chaque \\u0153il ?\",\"acceptedAnswer\":{\"@type\":\"Answer\",\"text\":\"Oui, il est possible de r\\u00e9aliser l&rsquo;intervention de changement de couleur des yeux sur un seul iris et m\\u00eame de ne traiter qu&rsquo;une partie sp\\u00e9cifique, selon les pr\\u00e9f\\u00e9rences du patient.\"}},{\"@type\":\"Question\",\"name\":\"Peut-on intensifier la couleur ?\",\"acceptedAnswer\":{\"@type\":\"Answer\",\"text\":\"Le laser \\u00e9limine la m\\u00e9lanine ant\\u00e9rieure et peut \\u00e9claircir l&rsquo;\\u0153il, mais il ne peut pas en intensifier la couleur. La luminosit\\u00e9 et l&rsquo;intensit\\u00e9 de la couleur d\\u00e9pendent de la densit\\u00e9 du collag\\u00e8ne et de votre patrimoine g\\u00e9n\\u00e9tique.\"}},{\"@type\":\"Question\",\"name\":\"Un \\u0153il ayant d\\u00e9j\\u00e0 subi un traitement de d\\u00e9pigmentation au laser peut-il \\u00eatre op\\u00e9r\\u00e9 une nouvelle fois\\u00a0?\",\"acceptedAnswer\":{\"@type\":\"Answer\",\"text\":\"Oui, il est possible d&rsquo;op\\u00e9rer un patient ayant d\\u00e9j\\u00e0 \\u00e9t\\u00e9 trait\\u00e9 dans d&rsquo;autres cliniques. Nous accueillons de nombreux patients venant d&rsquo;autres cliniques pour des corrections. Cependant, il est pr\\u00e9f\\u00e9rable de commencer le traitement chez EyeCos Barcelona, \\u200b\\u200bcar le laser y est moins agressif et les r\\u00e9sultats sont beaucoup plus esth\\u00e9tiques et naturels.\"}},{\"@type\":\"Question\",\"name\":\"Can you lead a normal life after the procedure?\",\"acceptedAnswer\":{\"@type\":\"Answer\",\"text\":\"\\nPeut-on mener une vie normale apr\\u00e8s l&rsquo;intervention ?\"}},{\"@type\":\"Question\",\"name\":\"Can I take advantage of the procedure to have my myopia corrected?\",\"acceptedAnswer\":{\"@type\":\"Answer\",\"text\":\"Puis-je b\\u00e9n\\u00e9ficier de cette proc\\u00e9dure pour faire corriger ma myopie ?\"}},{\"@type\":\"Question\",\"name\":\"\\u00c0 partir de quel \\u00e2ge peut-on subir cette intervention ?\",\"acceptedAnswer\":{\"@type\":\"Answer\",\"text\":\"18 ans.\"}},{\"@type\":\"Question\",\"name\":\"Combien y a-t-il de phases ?\",\"acceptedAnswer\":{\"@type\":\"Answer\",\"text\":\"<p>Le nombre de phases d\\u00e9pend du degr\\u00e9 de pigmentation de l&rsquo;\\u0153il, mais peut varier d&rsquo;un cas \\u00e0 l&rsquo;autre. \\u00c0 titre indicatif\\u00a0:<\\\/p><p>Grades 1, 2 et 3\\u00a0: 3 phases<\\\/p><p>Grade 4\\u00a0: 4 phases<\\\/p><p>Grade 5\\u00a0: 5 phases<\\\/p><p>Chaque patient est \\u00e9valu\\u00e9 individuellement afin de d\\u00e9terminer le plan de traitement le plus appropri\\u00e9.<\\\/p><p>Chaque phase comprend deux s\\u00e9ances r\\u00e9alis\\u00e9es sur deux jours cons\\u00e9cutifs, \\u00e0 l&rsquo;exception des phases \\u00ab\\u00a0Bright\\u00a0\\u00bb, qui se d\\u00e9roulent en une seule s\\u00e9ance.<\\\/p>\"}},{\"@type\":\"Question\",\"name\":\"Comment puis-je savoir de quelle couleur ou de quel grade sont mes yeux ?\",\"acceptedAnswer\":{\"@type\":\"Answer\",\"text\":\"Vous pouvez consulter la classification des couleurs selon le degr\\u00e9 de pigmentation sur notre site web. De plus, vous pouvez effectuer une simulation approximative gr\\u00e2ce \\u00e0 notre application\\u00a0: EyeCos EYE Selfie.\"}},{\"@type\":\"Question\",\"name\":\"Quelles sont les innovations du nouveau laser 10G\\u00a0?\",\"acceptedAnswer\":{\"@type\":\"Answer\",\"text\":\"<p>La technologie laser a r\\u00e9volutionn\\u00e9 l&rsquo;ophtalmologie, et la Cl\\u00ednica Eyecos de Barcelone est \\u00e0 la pointe du progr\\u00e8s gr\\u00e2ce \\u00e0 son traitement innovant au laser 10G. Fruit de plus d&rsquo;une d\\u00e9cennie de recherche et d\\u00e9veloppement, cette proc\\u00e9dure offre une solution s\\u00fbre et efficace pour changer la couleur des yeux.<\\\/p><p>Le laser 10G de la Cl\\u00ednica Eyecos utilise une technique non invasive permettant de modifier la pigmentation de l&rsquo;iris sans chirurgie. Ce traitement offre non seulement la possibilit\\u00e9 de changer la couleur des yeux pour des raisons esth\\u00e9tiques, mais aussi d&rsquo;am\\u00e9liorer la qualit\\u00e9 de vie des patients recherchant une alternative aux lentilles de contact color\\u00e9es.<\\\/p><p>L&rsquo;un des atouts majeurs du nouveau laser 10G pour le changement de couleur des yeux est sa s\\u00e9curit\\u00e9, avec un taux de satisfaction \\u00e9lev\\u00e9 et l&rsquo;absence d&rsquo;effets secondaires significatifs.<\\\/p><p>L&rsquo;efficacit\\u00e9 du laser 10G est \\u00e9galement remarquable. Les patients constatent des r\\u00e9sultats constants et durables, la couleur de l&rsquo;iris restant stable dans le temps. De plus, la proc\\u00e9dure est rapide (moins d&rsquo;une minute) et le temps de r\\u00e9cup\\u00e9ration minimal, permettant aux patients de reprendre leurs activit\\u00e9s normales presque imm\\u00e9diatement.<\\\/p><p>Gr\\u00e2ce \\u00e0 ce nouveau laser, nous pouvons r\\u00e9duire la dur\\u00e9e du traitement \\u00e0 un ou deux jours. Les d\\u00e9lais d&rsquo;attente sont \\u00e9galement r\\u00e9duits\\u00a0: au lieu de quatre mois entre les s\\u00e9ances, il n&rsquo;y en aura plus qu&rsquo;un ou deux. Autre avantage\\u00a0: le traitement peut \\u00eatre r\\u00e9alis\\u00e9 en une ou deux phases. Cette avanc\\u00e9e accro\\u00eet non seulement l&rsquo;efficacit\\u00e9, mais permet aussi aux patients internationaux de r\\u00e9duire les co\\u00fbts li\\u00e9s \\u00e0 leur s\\u00e9jour \\u00e0 Barcelone.<\\\/p><p>La dur\\u00e9e des s\\u00e9ances est consid\\u00e9rablement r\\u00e9duite \\u00e0 deux jours, avec un intervalle d&rsquo;environ deux mois entre les phases, selon l&rsquo;\\u00e9tat des yeux.<\\\/p><p>Le laser 10G est plus s\\u00fbr, plus pr\\u00e9cis et plus performant technologiquement\\u00a0: des am\\u00e9liorations qui optimisent encore davantage le service de changement de couleur des yeux.<\\\/p><p>Guide NEWEYES pour le changement de couleur des yeux<\\\/p>\"}},{\"@type\":\"Question\",\"name\":\"Le laser 10G est-il disponible dans d'autres pays ?\",\"acceptedAnswer\":{\"@type\":\"Answer\",\"text\":\"Non, le laser 10G et sa technologie ne sont disponibles qu&rsquo;\\u00e0 la Cl\\u00ednica Eyecos de Barcelone, en Espagne.\"}},{\"@type\":\"Question\",\"name\":\"Quelle est la diff\\u00e9rence entre le laser 10G et le GPlus\\u00a0?\",\"acceptedAnswer\":{\"@type\":\"Answer\",\"text\":\"<ul><li>Le laser 10G est indiqu\\u00e9 pour les niveaux 2, 3 et 4 afin d&rsquo;\\u00e9claircir la couleur et d&rsquo;obtenir des teintes brun clair, miel et verd\\u00e2tre.<\\\/li><li>Le laser GPlus est indiqu\\u00e9 pour les niveaux 2, 3, 4 et 5 afin d&rsquo;obtenir des teintes gris-bleu et turquoise.<\\\/li><li>Ces deux lasers sont confortables, s\\u00fbrs, rapides et efficaces. Ils sont appliqu\\u00e9s par s\\u00e9ances de 2 jours, tous les 1 \\u00e0 2 mois.<\\\/li><li>Ces deux lasers permettent d&rsquo;augmenter la luminosit\\u00e9 et d&rsquo;obtenir des yeux tr\\u00e8s clairs.<\\\/li><\\\/ul><section class=\\\"text-token-text-primary w-full focus:outline-none [--shadow-height:45px] has-data-writing-block:pointer-events-none has-data-writing-block:-mt-(--shadow-height) has-data-writing-block:pt-(--shadow-height) [&amp;:has([data-writing-block])&gt;*]:pointer-events-auto scroll-mt-[calc(var(--header-height)+min(200px,max(70px,20svh)))]\\\" dir=\\\"auto\\\" data-turn-id=\\\"request-WEB:de39c8db-da33-44dd-bc1a-0481b9e593ac-49\\\" data-testid=\\\"conversation-turn-100\\\" data-scroll-anchor=\\\"true\\\" data-turn=\\\"assistant\\\"><div class=\\\"text-base my-auto mx-auto pb-10 [--thread-content-margin:var(--thread-content-margin-xs,calc(var(--spacing)*4))] @w-sm\\\/main:[--thread-content-margin:var(--thread-content-margin-sm,calc(var(--spacing)*6))] @w-lg\\\/main:[--thread-content-margin:var(--thread-content-margin-lg,calc(var(--spacing)*16))] px-(--thread-content-margin)\\\"><div class=\\\"[--thread-content-max-width:40rem] @w-lg\\\/main:[--thread-content-max-width:48rem] mx-auto max-w-(--thread-content-max-width) flex-1 group\\\/turn-messages focus-visible:outline-hidden relative flex w-full min-w-0 flex-col agent-turn\\\"><div class=\\\"flex max-w-full flex-col gap-4 grow\\\"><div class=\\\"min-h-8 text-message relative flex w-full flex-col items-end gap-2 text-start break-words whitespace-normal outline-none keyboard-focused:focus-ring [.text-message+&amp;]:mt-1\\\" dir=\\\"auto\\\" tabindex=\\\"0\\\" data-message-author-role=\\\"assistant\\\" data-message-id=\\\"48f04d83-0fee-4366-9037-98f7436b38c0\\\" data-message-model-slug=\\\"gpt-5-3\\\" data-turn-start-message=\\\"true\\\"><div class=\\\"flex w-full flex-col gap-1 empty:hidden\\\"><div class=\\\"markdown prose dark:prose-invert w-full wrap-break-word light markdown-new-styling\\\">\\u00a0<\\\/div><\\\/div><\\\/div><\\\/div><\\\/div><\\\/div><\\\/section>\"}},{\"@type\":\"Question\",\"name\":\"Comment savoir \\u00e0 quoi ressembleront mes yeux ?\",\"acceptedAnswer\":{\"@type\":\"Answer\",\"text\":\"Vous pouvez t\\u00e9l\\u00e9charger notre GUIDE D&rsquo;APPLICATION et suivre les instructions pour obtenir des photos de haute qualit\\u00e9, d\\u00e9terminer le degr\\u00e9 de pigmentation et acc\\u00e9der aux pr\\u00e9dictions et \\u00e0 la simulation 3D.\\n\\nGuide NEWEYES pour le changement de couleur des yeux\"}},{\"@type\":\"Question\",\"name\":\"Est-il vrai que la pigmentation r\\u00e9appara\\u00eet avec le temps\\u00a0?\",\"acceptedAnswer\":{\"@type\":\"Answer\",\"text\":\"Le changement de couleur des yeux est permanent et dure pour toujours.\"}},{\"@type\":\"Question\",\"name\":\"Comment puis-je prendre rendez-vous ?\",\"acceptedAnswer\":{\"@type\":\"Answer\",\"text\":\"Vous pouvez prendre rendez-vous ou nous contacter via le lien suivant\\u00a0: Contact\"}},{\"@type\":\"Question\",\"name\":\"Le laser NewEyes provient-il de la Cl\\u00ednica Eyecos\\u00a0?\",\"acceptedAnswer\":{\"@type\":\"Answer\",\"text\":\"Exactement, le laser NewEyes est la propri\\u00e9t\\u00e9 exclusive, au niveau mondial, de la Cl\\u00ednica Eyecos \\u00e0 Barcelone.\"}},{\"@type\":\"Question\",\"name\":\"Existe-t-il une alternative \\u00e0 Eyecos ?\",\"acceptedAnswer\":{\"@type\":\"Answer\",\"text\":\"\\u00c0 l&rsquo;heure actuelle, il n&rsquo;existe aucune alternative au niveau mondial qui soit \\u00e0 la fois s\\u00fbre et efficace. La technique laser NewEyes et de changement de couleur des yeux est exclusive \\u00e0 la Cl\\u00ednica Eyecos de Barcelone, en Espagne.\"}},{\"@type\":\"Question\",\"name\":\"Quel est le prix d'un changement de couleur des yeux\\u00a0?\",\"acceptedAnswer\":{\"@type\":\"Answer\",\"text\":\"Vous pouvez consulter la section des tarifs.\"}},{\"@type\":\"Question\",\"name\":\"Quel est le prix pour \\u00e9claircir un seul \\u0153il ?\",\"acceptedAnswer\":{\"@type\":\"Answer\",\"text\":\"Le prix est le m\\u00eame que pour un \\u00e9claircissement complet, car le diagnostic, le traitement laser et le suivi sont identiques. La dur\\u00e9e est la m\\u00eame.\"}},{\"@type\":\"Question\",\"name\":\"Est-il possible de payer en plusieurs fois ?\",\"acceptedAnswer\":{\"@type\":\"Answer\",\"text\":\"<p>D\\u00e9sormais, le paiement peut \\u00eatre \\u00e9chelonn\\u00e9 sur 3, 6, 9 ou 12 mois par carte bancaire. Plus d&rsquo;informations : <a href=\\\"mailto:secretary@eyecos.eu\\\">secretary@eyecos.eu<\\\/a><\\\/p>\"}},{\"@type\":\"Question\",\"name\":\"Comment le paiement peut-il \\u00eatre effectu\\u00e9 ?\",\"acceptedAnswer\":{\"@type\":\"Answer\",\"text\":\"Vous pouvez payer par PayPal, carte de cr\\u00e9dit ou en esp\\u00e8ces.\"}},{\"@type\":\"Question\",\"name\":\"Dans quel pays \\u00eates-vous ?\",\"acceptedAnswer\":{\"@type\":\"Answer\",\"text\":\"<p>Nous sommes uniquement pr\\u00e9sents en Espagne.<\\\/p>\"}},{\"@type\":\"Question\",\"name\":\"Dans quelle ville \\u00eates-vous ?\",\"acceptedAnswer\":{\"@type\":\"Answer\",\"text\":\"<p>\\u00c0 Barcelone.<\\\/p>\"}},{\"@type\":\"Question\",\"name\":\"La ville de Barcelone est-elle s\\u00fbre ?\",\"acceptedAnswer\":{\"@type\":\"Answer\",\"text\":\"Barcelone est l&rsquo;une des villes les plus belles, accueillantes et s\\u00fbres au monde. Nous serons ravis de vous accueillir et de vous faire profiter d&rsquo;un climat exceptionnel tout au long de l&rsquo;ann\\u00e9e ainsi que d&rsquo;une offre touristique, gastronomique et culturelle incomparable.\"}},{\"@type\":\"Question\",\"name\":\"Avez-vous une clinique dans une autre ville ?\",\"acceptedAnswer\":{\"@type\":\"Answer\",\"text\":\"<p>Nous sommes d\\u00e9sol\\u00e9s, mais la Cl\\u00ednica Eyecos est uniquement situ\\u00e9e \\u00e0 Barcelone, en Espagne. Notre technologie, notre expertise et notre \\u00e9quipe technique sont exclusives. Vous trouverez plus d&rsquo;informations sur notre site web\\u00a0: <a href=\\\"https:\\\/\\\/www.eyecos.eu\\\">www.eyecos.eu<\\\/a><\\\/p>\"}},{\"@type\":\"Question\",\"name\":\"O\\u00f9 puis-je t\\u00e9l\\u00e9charger vos applications\\u00a0?\",\"acceptedAnswer\":{\"@type\":\"Answer\",\"text\":\"<p>\\u00c0 ce lien\\u00a0:<\\\/p><p>Guide NEWEYES pour le changement de couleur des yeux<\\\/p>\"}},{\"@type\":\"Question\",\"name\":\"Le m\\u00e9decin parle-t-il ma langue ?\",\"acceptedAnswer\":{\"@type\":\"Answer\",\"text\":\"Nous pouvons communiquer en anglais, en fran\\u00e7ais et en espagnol.\"}},{\"@type\":\"Question\",\"name\":\"\\u00cates-vous sur YouTube ?\",\"acceptedAnswer\":{\"@type\":\"Answer\",\"text\":\"Nous vous invitons \\u00e0 consulter notre cha\\u00eene YouTube si vous souhaitez obtenir plus d&rsquo;informations sur le changement de couleur des yeux\\u00a0:\\n\\nYouTube-Eyecos, changement de couleur des yeux sans chirurgie.\"}},{\"@type\":\"Question\",\"name\":\"\\u00cates-vous pr\\u00e9sent sur les r\\u00e9seaux sociaux ?\",\"acceptedAnswer\":{\"@type\":\"Answer\",\"text\":\"Oui, vous pouvez actuellement faire partie de notre grande communaut\\u00e9 sur Instagram, TikTok, Facebook et YouTube.\"}}]}<\/script>\n\t\t\t\t\t<\/div>\n\t\t\t\t\t\t<\/div>\n\t\t\t\t\t<\/div>\n\t\t<\/div>\n\t\t\t\t\t<\/div>\n\t\t<\/section>\n\t\t\t\t<\/div>\n\t\t","protected":false},"excerpt":{"rendered":"<p>FAQs En quoi consiste la proc\u00e9dure ? La proc\u00e9dure propos\u00e9e \u00e0 la Cl\u00ednica Eyecos consiste \u00e0 \u00e9liminer d\u00e9finitivement la pigmentation brune ou jaune de l&#8217;iris gr\u00e2ce \u00e0 un laser unique, disponible exclusivement \u00e0 Barcelone. Elle r\u00e9v\u00e8le ainsi la couleur naturelle que chacun avait dissimul\u00e9e (bleu clair, argent ou vert clair). Chaque r\u00e9sultat \u00e9tant diff\u00e9rent, m\u00eame [&hellip;]<\/p>\n","protected":false},"author":2,"featured_media":0,"parent":0,"menu_order":0,"comment_status":"closed","ping_status":"closed","template":"","meta":{"footnotes":""},"class_list":["post-297652","page","type-page","status-publish","hentry"],"yoast_head":"<!-- This site is optimized with the Yoast SEO Premium plugin v27.4 (Yoast SEO v27.4) - https:\/\/yoast.com\/product\/yoast-seo-premium-wordpress\/ -->\n<title>FAQs - Changement de Couleur des Yeux<\/title>\n<meta name=\"robots\" content=\"index, follow, max-snippet:-1, max-image-preview:large, max-video-preview:-1\" \/>\n<link rel=\"canonical\" href=\"https:\/\/eyecos.eu\/fr\/faqs\/\" \/>\n<meta property=\"og:locale\" content=\"fr_FR\" \/>\n<meta property=\"og:type\" content=\"article\" \/>\n<meta property=\"og:title\" content=\"FAQs\" \/>\n<meta property=\"og:description\" content=\"FAQs En quoi consiste la proc\u00e9dure ? La proc\u00e9dure propos\u00e9e \u00e0 la Cl\u00ednica Eyecos consiste \u00e0 \u00e9liminer d\u00e9finitivement la pigmentation brune ou jaune de l&#8217;iris gr\u00e2ce \u00e0 un laser unique, disponible exclusivement \u00e0 Barcelone. Elle r\u00e9v\u00e8le ainsi la couleur naturelle que chacun avait dissimul\u00e9e (bleu clair, argent ou vert clair). Chaque r\u00e9sultat \u00e9tant diff\u00e9rent, m\u00eame [&hellip;]\" \/>\n<meta property=\"og:url\" content=\"https:\/\/eyecos.eu\/fr\/faqs\/\" \/>\n<meta property=\"og:site_name\" content=\"Cl\u00ednica Eyecos - Cambio color de ojos\" \/>\n<meta property=\"article:publisher\" content=\"https:\/\/www.facebook.com\/neweyeslaser\" \/>\n<meta property=\"article:modified_time\" content=\"2026-04-27T14:31:11+00:00\" \/>\n<meta name=\"twitter:card\" content=\"summary_large_image\" \/>\n<meta name=\"twitter:site\" content=\"@NewEyesLaser\" \/>\n<meta name=\"twitter:label1\" content=\"Dur\u00e9e de lecture estim\u00e9e\" \/>\n\t<meta name=\"twitter:data1\" content=\"8 minutes\" \/>\n<script type=\"application\/ld+json\" class=\"yoast-schema-graph\">{\"@context\":\"https:\\\/\\\/schema.org\",\"@graph\":[{\"@type\":\"WebPage\",\"@id\":\"https:\\\/\\\/eyecos.eu\\\/fr\\\/faqs\\\/\",\"url\":\"https:\\\/\\\/eyecos.eu\\\/fr\\\/faqs\\\/\",\"name\":\"FAQs - Changement de Couleur des Yeux\",\"isPartOf\":{\"@id\":\"https:\\\/\\\/eyecos.eu\\\/#website\"},\"datePublished\":\"2026-02-23T10:57:36+00:00\",\"dateModified\":\"2026-04-27T14:31:11+00:00\",\"breadcrumb\":{\"@id\":\"https:\\\/\\\/eyecos.eu\\\/fr\\\/faqs\\\/#breadcrumb\"},\"inLanguage\":\"fr-FR\",\"potentialAction\":[{\"@type\":\"ReadAction\",\"target\":[\"https:\\\/\\\/eyecos.eu\\\/fr\\\/faqs\\\/\"]}]},{\"@type\":\"BreadcrumbList\",\"@id\":\"https:\\\/\\\/eyecos.eu\\\/fr\\\/faqs\\\/#breadcrumb\",\"itemListElement\":[{\"@type\":\"ListItem\",\"position\":1,\"name\":\"Home\",\"item\":\"https:\\\/\\\/eyecos.eu\\\/\"},{\"@type\":\"ListItem\",\"position\":2,\"name\":\"FAQs\"}]},{\"@type\":\"WebSite\",\"@id\":\"https:\\\/\\\/eyecos.eu\\\/#website\",\"url\":\"https:\\\/\\\/eyecos.eu\\\/\",\"name\":\"Cl\u00ednica Eyecos - Cambio color de ojos\",\"description\":\"\u00danica clinica que realiza el cambio del color de los ojos con l\u00e1ser con m\u00e1s 1000 pacientes y casi 10 a\u00f1os de experiencia\",\"publisher\":{\"@id\":\"https:\\\/\\\/eyecos.eu\\\/#organization\"},\"potentialAction\":[{\"@type\":\"SearchAction\",\"target\":{\"@type\":\"EntryPoint\",\"urlTemplate\":\"https:\\\/\\\/eyecos.eu\\\/?s={search_term_string}\"},\"query-input\":{\"@type\":\"PropertyValueSpecification\",\"valueRequired\":true,\"valueName\":\"search_term_string\"}}],\"inLanguage\":\"fr-FR\"},{\"@type\":\"Organization\",\"@id\":\"https:\\\/\\\/eyecos.eu\\\/#organization\",\"name\":\"Cl\u00ednica Eyecos - Cambio color de ojos\",\"url\":\"https:\\\/\\\/eyecos.eu\\\/\",\"logo\":{\"@type\":\"ImageObject\",\"inLanguage\":\"fr-FR\",\"@id\":\"https:\\\/\\\/eyecos.eu\\\/#\\\/schema\\\/logo\\\/image\\\/\",\"url\":\"https:\\\/\\\/eyecos.eu\\\/wp-content\\\/uploads\\\/2026\\\/03\\\/LOGO-EYECOS.png\",\"contentUrl\":\"https:\\\/\\\/eyecos.eu\\\/wp-content\\\/uploads\\\/2026\\\/03\\\/LOGO-EYECOS.png\",\"width\":480,\"height\":480,\"caption\":\"Cl\u00ednica Eyecos - Cambio color de ojos\"},\"image\":{\"@id\":\"https:\\\/\\\/eyecos.eu\\\/#\\\/schema\\\/logo\\\/image\\\/\"},\"sameAs\":[\"https:\\\/\\\/www.facebook.com\\\/neweyeslaser\",\"https:\\\/\\\/x.com\\\/NewEyesLaser\",\"https:\\\/\\\/www.instagram.com\\\/neweyeslaser\\\/\",\"https:\\\/\\\/www.youtube.com\\\/channel\\\/UCEP1SxNwkXaEJ7b47xm7jSg\",\"https:\\\/\\\/www.tiktok.com\\\/@eyecosclinic\",\"https:\\\/\\\/www.linkedin.com\\\/company\\\/clinica-eyecos\\\/posts\\\/?feedView=all\"],\"description\":\"Eyecos se destaca como la cl\u00ednica pionera a nivel mundial en realizar el cambio de color de los ojos mediante iridoplastia l\u00e1ser y con una tecnolog\u00eda \u00fanica, dise\u00f1ada y patentada por el Doctor Pedro Grimaldos. Lo que nos diferencia de otras cl\u00ednicas de cambio de color de ojos es que empleamos la tecnolog\u00eda m\u00e1s avanzada y segura en el mundo, lo que nos consolida como referentes en el desarrollo e investigaci\u00f3n para el cambio de color de ojos.\",\"email\":\"info@eyecos.eu\",\"telephone\":\"+34 938 10 22 50\",\"legalName\":\"NEWEYES TECH, SL\",\"vatID\":\"B67266148\",\"numberOfEmployees\":{\"@type\":\"QuantitativeValue\",\"minValue\":\"11\",\"maxValue\":\"50\"}}]}<\/script>\n<!-- \/ Yoast SEO Premium plugin. -->","yoast_head_json":{"title":"FAQs - Changement de Couleur des Yeux","robots":{"index":"index","follow":"follow","max-snippet":"max-snippet:-1","max-image-preview":"max-image-preview:large","max-video-preview":"max-video-preview:-1"},"canonical":"https:\/\/eyecos.eu\/fr\/faqs\/","og_locale":"fr_FR","og_type":"article","og_title":"FAQs","og_description":"FAQs En quoi consiste la proc\u00e9dure ? La proc\u00e9dure propos\u00e9e \u00e0 la Cl\u00ednica Eyecos consiste \u00e0 \u00e9liminer d\u00e9finitivement la pigmentation brune ou jaune de l&#8217;iris gr\u00e2ce \u00e0 un laser unique, disponible exclusivement \u00e0 Barcelone. Elle r\u00e9v\u00e8le ainsi la couleur naturelle que chacun avait dissimul\u00e9e (bleu clair, argent ou vert clair). Chaque r\u00e9sultat \u00e9tant diff\u00e9rent, m\u00eame [&hellip;]","og_url":"https:\/\/eyecos.eu\/fr\/faqs\/","og_site_name":"Cl\u00ednica Eyecos - Cambio color de ojos","article_publisher":"https:\/\/www.facebook.com\/neweyeslaser","article_modified_time":"2026-04-27T14:31:11+00:00","twitter_card":"summary_large_image","twitter_site":"@NewEyesLaser","twitter_misc":{"Dur\u00e9e de lecture estim\u00e9e":"8 minutes"},"schema":{"@context":"https:\/\/schema.org","@graph":[{"@type":"WebPage","@id":"https:\/\/eyecos.eu\/fr\/faqs\/","url":"https:\/\/eyecos.eu\/fr\/faqs\/","name":"FAQs - Changement de Couleur des Yeux","isPartOf":{"@id":"https:\/\/eyecos.eu\/#website"},"datePublished":"2026-02-23T10:57:36+00:00","dateModified":"2026-04-27T14:31:11+00:00","breadcrumb":{"@id":"https:\/\/eyecos.eu\/fr\/faqs\/#breadcrumb"},"inLanguage":"fr-FR","potentialAction":[{"@type":"ReadAction","target":["https:\/\/eyecos.eu\/fr\/faqs\/"]}]},{"@type":"BreadcrumbList","@id":"https:\/\/eyecos.eu\/fr\/faqs\/#breadcrumb","itemListElement":[{"@type":"ListItem","position":1,"name":"Home","item":"https:\/\/eyecos.eu\/"},{"@type":"ListItem","position":2,"name":"FAQs"}]},{"@type":"WebSite","@id":"https:\/\/eyecos.eu\/#website","url":"https:\/\/eyecos.eu\/","name":"Cl\u00ednica Eyecos - Cambio color de ojos","description":"\u00danica clinica que realiza el cambio del color de los ojos con l\u00e1ser con m\u00e1s 1000 pacientes y casi 10 a\u00f1os de experiencia","publisher":{"@id":"https:\/\/eyecos.eu\/#organization"},"potentialAction":[{"@type":"SearchAction","target":{"@type":"EntryPoint","urlTemplate":"https:\/\/eyecos.eu\/?s={search_term_string}"},"query-input":{"@type":"PropertyValueSpecification","valueRequired":true,"valueName":"search_term_string"}}],"inLanguage":"fr-FR"},{"@type":"Organization","@id":"https:\/\/eyecos.eu\/#organization","name":"Cl\u00ednica Eyecos - Cambio color de ojos","url":"https:\/\/eyecos.eu\/","logo":{"@type":"ImageObject","inLanguage":"fr-FR","@id":"https:\/\/eyecos.eu\/#\/schema\/logo\/image\/","url":"https:\/\/eyecos.eu\/wp-content\/uploads\/2026\/03\/LOGO-EYECOS.png","contentUrl":"https:\/\/eyecos.eu\/wp-content\/uploads\/2026\/03\/LOGO-EYECOS.png","width":480,"height":480,"caption":"Cl\u00ednica Eyecos - Cambio color de ojos"},"image":{"@id":"https:\/\/eyecos.eu\/#\/schema\/logo\/image\/"},"sameAs":["https:\/\/www.facebook.com\/neweyeslaser","https:\/\/x.com\/NewEyesLaser","https:\/\/www.instagram.com\/neweyeslaser\/","https:\/\/www.youtube.com\/channel\/UCEP1SxNwkXaEJ7b47xm7jSg","https:\/\/www.tiktok.com\/@eyecosclinic","https:\/\/www.linkedin.com\/company\/clinica-eyecos\/posts\/?feedView=all"],"description":"Eyecos se destaca como la cl\u00ednica pionera a nivel mundial en realizar el cambio de color de los ojos mediante iridoplastia l\u00e1ser y con una tecnolog\u00eda \u00fanica, dise\u00f1ada y patentada por el Doctor Pedro Grimaldos. Lo que nos diferencia de otras cl\u00ednicas de cambio de color de ojos es que empleamos la tecnolog\u00eda m\u00e1s avanzada y segura en el mundo, lo que nos consolida como referentes en el desarrollo e investigaci\u00f3n para el cambio de color de ojos.","email":"info@eyecos.eu","telephone":"+34 938 10 22 50","legalName":"NEWEYES TECH, SL","vatID":"B67266148","numberOfEmployees":{"@type":"QuantitativeValue","minValue":"11","maxValue":"50"}}]}},"_links":{"self":[{"href":"https:\/\/eyecos.eu\/fr\/wp-json\/wp\/v2\/pages\/297652","targetHints":{"allow":["GET"]}}],"collection":[{"href":"https:\/\/eyecos.eu\/fr\/wp-json\/wp\/v2\/pages"}],"about":[{"href":"https:\/\/eyecos.eu\/fr\/wp-json\/wp\/v2\/types\/page"}],"author":[{"embeddable":true,"href":"https:\/\/eyecos.eu\/fr\/wp-json\/wp\/v2\/users\/2"}],"replies":[{"embeddable":true,"href":"https:\/\/eyecos.eu\/fr\/wp-json\/wp\/v2\/comments?post=297652"}],"version-history":[{"count":4,"href":"https:\/\/eyecos.eu\/fr\/wp-json\/wp\/v2\/pages\/297652\/revisions"}],"predecessor-version":[{"id":298744,"href":"https:\/\/eyecos.eu\/fr\/wp-json\/wp\/v2\/pages\/297652\/revisions\/298744"}],"wp:attachment":[{"href":"https:\/\/eyecos.eu\/fr\/wp-json\/wp\/v2\/media?parent=297652"}],"curies":[{"name":"wp","href":"https:\/\/api.w.org\/{rel}","templated":true}]}}